{"id":2519,"date":"2023-07-12T10:07:52","date_gmt":"2023-07-12T08:07:52","guid":{"rendered":"https:\/\/www.maculart.com\/grup-maculart\/"},"modified":"2023-10-10T13:44:12","modified_gmt":"2023-10-10T11:44:12","slug":"grup-maculart","status":"publish","type":"page","link":"https:\/\/www.maculart.com\/ca\/grup-maculart\/","title":{"rendered":"Grup Maculart"},"content":{"rendered":"\t\t<div data-elementor-type=\"wp-page\" data-elementor-id=\"2519\" class=\"elementor elementor-2519 elementor-87\">\n\t\t\t\t<div class=\"elementor-element elementor-element-1847d0e e-flex e-con-boxed e-con e-parent\" data-id=\"1847d0e\" data-element_type=\"container\" data-e-type=\"container\">\n\t\t\t\t\t<div class=\"e-con-inner\">\n\t\t<div class=\"elementor-element elementor-element-2921a08 e-flex e-con-boxed e-con e-parent\" data-id=\"2921a08\" data-element_type=\"container\" data-e-type=\"container\">\n\t\t\t\t\t<div class=\"e-con-inner\">\n\t\t\t\t<div class=\"elementor-element elementor-element-4823e09 line-height-2 elementor-widget elementor-widget-text-editor\" data-id=\"4823e09\" data-element_type=\"widget\" data-e-type=\"widget\" data-widget_type=\"text-editor.default\">\n\t\t\t\t<div class=\"elementor-widget-container\">\n\t\t\t\t\t\t\t\t\t<p>El sector de l&#8217;embalatge s&#8217;ha convertit en un element quotidi\u00e0 essencial. Ara l&#8217;embalatge forma part intr\u00ednseca de la imatge del producte i en Grup Maculart treballem perqu\u00e8 s&#8217;ajusti a la perfecci\u00f3 amb la imatge que volen projectar els nostres clients. Amb una producci\u00f3 anual de 100 milions d&#8217;estotjos, l&#8217;embalatge farmac\u00e8utic \u00e9s una de les principals activitats de Grup Maculart des dels nostres inicis fa m\u00e9s de 50 anys.<\/p>\n<p>Hem incorporat la <b>tecnologia digital<\/b> per a complementar el nostre servei <b>d&#8217;impressi\u00f3 offsety<\/b>, en els \u00faltims anys, tamb\u00e9 oferim <b>solucions de PLV<\/b> per a poder brindar un servei integral als nostres clients.<\/p>\n<p>Sabem que la tecnologia per si sola no \u00e9s suficient per a aconseguir l&#8217;\u00e8xit. En ple segle XXI, la impressi\u00f3 continua tenint un component hum\u00e0 que \u00e9s el que marca la difer\u00e8ncia per a obtenir un resultat de la m\u00e0xima qualitat. Estem conven\u00e7uts que les arts gr\u00e0fiques s\u00f3n una ind\u00fastria d&#8217;ofici. Per aix\u00f2, impulsem la formaci\u00f3 del nostre equip i el seu desenvolupament dins de la companyia. Aix\u00ed, aconseguim conjuminar la millor tecnologia amb un equip de professionals especialitzats en cada fase del proc\u00e9s d&#8217;impressi\u00f3 i arribem a l&#8217;alt est\u00e0ndard de qualitat de Grup Maculart, establert despr\u00e9s de m\u00e9s de mig segle de servei continuat a la ind\u00fastria farmac\u00e8utica.<\/p>\n\t\t\t\t\t\t\t\t<\/div>\n\t\t\t\t<\/div>\n\t\t\t\t\t<\/div>\n\t\t\t\t<\/div>\n\t\t\t\t\t<\/div>\n\t\t\t\t<\/div>\n\t\t<div class=\"elementor-element elementor-element-2307195 e-flex e-con-boxed e-con e-parent\" data-id=\"2307195\" data-element_type=\"container\" data-e-type=\"container\">\n\t\t\t\t\t<div class=\"e-con-inner\">\n\t\t<div class=\"elementor-element elementor-element-6decdc7 e-con-full e-flex e-con e-parent\" data-id=\"6decdc7\" data-element_type=\"container\" data-e-type=\"container\" data-settings=\"{&quot;background_background&quot;:&quot;classic&quot;}\">\n\t\t\t\t<div class=\"elementor-element elementor-element-21776ed elementor-widget elementor-widget-heading\" data-id=\"21776ed\" data-element_type=\"widget\" data-e-type=\"widget\" data-widget_type=\"heading.default\">\n\t\t\t\t<div class=\"elementor-widget-container\">\n\t\t\t\t\t<h3 class=\"elementor-heading-title elementor-size-default\">PARLEM<\/h3>\t\t\t\t<\/div>\n\t\t\t\t<\/div>\n\t\t\t\t<div class=\"elementor-element elementor-element-799f946 elementor-widget__width-inherit elementor-widget elementor-widget-heading\" data-id=\"799f946\" data-element_type=\"widget\" data-e-type=\"widget\" data-widget_type=\"heading.default\">\n\t\t\t\t<div class=\"elementor-widget-container\">\n\t\t\t\t\t<h2 class=\"elementor-heading-title elementor-size-default\">Contacta amb nosaltres\ni explica'ns el teu projecte<\/h2>\t\t\t\t<\/div>\n\t\t\t\t<\/div>\n\t\t\t\t<div class=\"elementor-element elementor-element-9d629f8 button-container elementor-widget elementor-widget-button\" data-id=\"9d629f8\" data-element_type=\"widget\" data-e-type=\"widget\" data-widget_type=\"button.default\">\n\t\t\t\t<div class=\"elementor-widget-container\">\n\t\t\t\t\t\t\t\t\t<div class=\"elementor-button-wrapper\">\n\t\t\t\t\t<a class=\"elementor-button elementor-button-link elementor-size-sm\" href=\"https:\/\/www.maculart.com\/ca\/contacte\/\">\n\t\t\t\t\t\t<span class=\"elementor-button-content-wrapper\">\n\t\t\t\t\t\t\t\t\t<span class=\"elementor-button-text\">Contacta'ns<\/span>\n\t\t\t\t\t<\/span>\n\t\t\t\t\t<\/a>\n\t\t\t\t<\/div>\n\t\t\t\t\t\t\t\t<\/div>\n\t\t\t\t<\/div>\n\t\t\t\t<\/div>\n\t\t<div class=\"elementor-element elementor-element-300c0da e-flex e-con-boxed e-con e-parent\" data-id=\"300c0da\" data-element_type=\"container\" data-e-type=\"container\" data-settings=\"{&quot;background_background&quot;:&quot;classic&quot;}\">\n\t\t\t\t\t<div class=\"e-con-inner\">\n\t\t\t\t\t<\/div>\n\t\t\t\t<\/div>\n\t\t\t\t\t<\/div>\n\t\t\t\t<\/div>\n\t\t\t\t<\/div>\n\t\t","protected":false},"excerpt":{"rendered":"<p>El sector de l&#8217;embalatge s&#8217;ha convertit en un element quotidi\u00e0 essencial. Ara l&#8217;embalatge forma part intr\u00ednseca de la imatge del producte i en Grup Maculart treballem perqu\u00e8 s&#8217;ajusti a la&#8230;<\/p>\n","protected":false},"author":1,"featured_media":2260,"parent":0,"menu_order":0,"comment_status":"closed","ping_status":"closed","template":"","meta":{"_acf_changed":false,"inline_featured_image":false,"footnotes":""},"class_list":["post-2519","page","type-page","status-publish","has-post-thumbnail","hentry"],"acf":[],"yoast_head":"<!-- This site is optimized with the Yoast SEO plugin v27.4 - https:\/\/yoast.com\/product\/yoast-seo-wordpress\/ -->\n<title>Grup Maculart - Maculart<\/title>\n<meta name=\"robots\" content=\"index, follow, max-snippet:-1, max-image-preview:large, max-video-preview:-1\" \/>\n<link rel=\"canonical\" href=\"https:\/\/www.maculart.com\/ca\/grup-maculart\/\" \/>\n<meta property=\"og:locale\" content=\"ca_ES\" \/>\n<meta property=\"og:type\" content=\"article\" \/>\n<meta property=\"og:title\" content=\"Grup Maculart - Maculart\" \/>\n<meta property=\"og:description\" content=\"El sector de l&#8217;embalatge s&#8217;ha convertit en un element quotidi\u00e0 essencial. Ara l&#8217;embalatge forma part intr\u00ednseca de la imatge del producte i en Grup Maculart treballem perqu\u00e8 s&#8217;ajusti a la...\" \/>\n<meta property=\"og:url\" content=\"https:\/\/www.maculart.com\/ca\/grup-maculart\/\" \/>\n<meta property=\"og:site_name\" content=\"Maculart\" \/>\n<meta property=\"article:modified_time\" content=\"2023-10-10T11:44:12+00:00\" \/>\n<meta property=\"og:image\" content=\"https:\/\/www.maculart.com\/app\/uploads\/2023\/07\/Rectangle-4-1.jpg\" \/>\n\t<meta property=\"og:image:width\" content=\"712\" \/>\n\t<meta property=\"og:image:height\" content=\"600\" \/>\n\t<meta property=\"og:image:type\" content=\"image\/jpeg\" \/>\n<meta name=\"twitter:card\" content=\"summary_large_image\" \/>\n<meta name=\"twitter:label1\" content=\"Temps estimat de lectura\" \/>\n\t<meta name=\"twitter:data1\" content=\"1 minut\" \/>\n<script type=\"application\/ld+json\" class=\"yoast-schema-graph\">{\"@context\":\"https:\\\/\\\/schema.org\",\"@graph\":[{\"@type\":\"WebPage\",\"@id\":\"https:\\\/\\\/www.maculart.com\\\/ca\\\/grup-maculart\\\/\",\"url\":\"https:\\\/\\\/www.maculart.com\\\/ca\\\/grup-maculart\\\/\",\"name\":\"Grup Maculart - Maculart\",\"isPartOf\":{\"@id\":\"https:\\\/\\\/www.maculart.com\\\/ca\\\/#website\"},\"primaryImageOfPage\":{\"@id\":\"https:\\\/\\\/www.maculart.com\\\/ca\\\/grup-maculart\\\/#primaryimage\"},\"image\":{\"@id\":\"https:\\\/\\\/www.maculart.com\\\/ca\\\/grup-maculart\\\/#primaryimage\"},\"thumbnailUrl\":\"https:\\\/\\\/www.maculart.com\\\/app\\\/uploads\\\/2023\\\/07\\\/Rectangle-4-1.jpg\",\"datePublished\":\"2023-07-12T08:07:52+00:00\",\"dateModified\":\"2023-10-10T11:44:12+00:00\",\"inLanguage\":\"ca\",\"potentialAction\":[{\"@type\":\"ReadAction\",\"target\":[\"https:\\\/\\\/www.maculart.com\\\/ca\\\/grup-maculart\\\/\"]}]},{\"@type\":\"ImageObject\",\"inLanguage\":\"ca\",\"@id\":\"https:\\\/\\\/www.maculart.com\\\/ca\\\/grup-maculart\\\/#primaryimage\",\"url\":\"https:\\\/\\\/www.maculart.com\\\/app\\\/uploads\\\/2023\\\/07\\\/Rectangle-4-1.jpg\",\"contentUrl\":\"https:\\\/\\\/www.maculart.com\\\/app\\\/uploads\\\/2023\\\/07\\\/Rectangle-4-1.jpg\",\"width\":712,\"height\":600},{\"@type\":\"WebSite\",\"@id\":\"https:\\\/\\\/www.maculart.com\\\/ca\\\/#website\",\"url\":\"https:\\\/\\\/www.maculart.com\\\/ca\\\/\",\"name\":\"Maculart\",\"description\":\"\",\"potentialAction\":[{\"@type\":\"SearchAction\",\"target\":{\"@type\":\"EntryPoint\",\"urlTemplate\":\"https:\\\/\\\/www.maculart.com\\\/ca\\\/?s={search_term_string}\"},\"query-input\":{\"@type\":\"PropertyValueSpecification\",\"valueRequired\":true,\"valueName\":\"search_term_string\"}}],\"inLanguage\":\"ca\"}]}<\/script>\n<!-- \/ Yoast SEO plugin. -->","yoast_head_json":{"title":"Grup Maculart - Maculart","robots":{"index":"index","follow":"follow","max-snippet":"max-snippet:-1","max-image-preview":"max-image-preview:large","max-video-preview":"max-video-preview:-1"},"canonical":"https:\/\/www.maculart.com\/ca\/grup-maculart\/","og_locale":"ca_ES","og_type":"article","og_title":"Grup Maculart - Maculart","og_description":"El sector de l&#8217;embalatge s&#8217;ha convertit en un element quotidi\u00e0 essencial. Ara l&#8217;embalatge forma part intr\u00ednseca de la imatge del producte i en Grup Maculart treballem perqu\u00e8 s&#8217;ajusti a la...","og_url":"https:\/\/www.maculart.com\/ca\/grup-maculart\/","og_site_name":"Maculart","article_modified_time":"2023-10-10T11:44:12+00:00","og_image":[{"width":712,"height":600,"url":"https:\/\/www.maculart.com\/app\/uploads\/2023\/07\/Rectangle-4-1.jpg","type":"image\/jpeg"}],"twitter_card":"summary_large_image","twitter_misc":{"Temps estimat de lectura":"1 minut"},"schema":{"@context":"https:\/\/schema.org","@graph":[{"@type":"WebPage","@id":"https:\/\/www.maculart.com\/ca\/grup-maculart\/","url":"https:\/\/www.maculart.com\/ca\/grup-maculart\/","name":"Grup Maculart - Maculart","isPartOf":{"@id":"https:\/\/www.maculart.com\/ca\/#website"},"primaryImageOfPage":{"@id":"https:\/\/www.maculart.com\/ca\/grup-maculart\/#primaryimage"},"image":{"@id":"https:\/\/www.maculart.com\/ca\/grup-maculart\/#primaryimage"},"thumbnailUrl":"https:\/\/www.maculart.com\/app\/uploads\/2023\/07\/Rectangle-4-1.jpg","datePublished":"2023-07-12T08:07:52+00:00","dateModified":"2023-10-10T11:44:12+00:00","inLanguage":"ca","potentialAction":[{"@type":"ReadAction","target":["https:\/\/www.maculart.com\/ca\/grup-maculart\/"]}]},{"@type":"ImageObject","inLanguage":"ca","@id":"https:\/\/www.maculart.com\/ca\/grup-maculart\/#primaryimage","url":"https:\/\/www.maculart.com\/app\/uploads\/2023\/07\/Rectangle-4-1.jpg","contentUrl":"https:\/\/www.maculart.com\/app\/uploads\/2023\/07\/Rectangle-4-1.jpg","width":712,"height":600},{"@type":"WebSite","@id":"https:\/\/www.maculart.com\/ca\/#website","url":"https:\/\/www.maculart.com\/ca\/","name":"Maculart","description":"","potentialAction":[{"@type":"SearchAction","target":{"@type":"EntryPoint","urlTemplate":"https:\/\/www.maculart.com\/ca\/?s={search_term_string}"},"query-input":{"@type":"PropertyValueSpecification","valueRequired":true,"valueName":"search_term_string"}}],"inLanguage":"ca"}]}},"_links":{"self":[{"href":"https:\/\/www.maculart.com\/ca\/wp-json\/wp\/v2\/pages\/2519","targetHints":{"allow":["GET"]}}],"collection":[{"href":"https:\/\/www.maculart.com\/ca\/wp-json\/wp\/v2\/pages"}],"about":[{"href":"https:\/\/www.maculart.com\/ca\/wp-json\/wp\/v2\/types\/page"}],"author":[{"embeddable":true,"href":"https:\/\/www.maculart.com\/ca\/wp-json\/wp\/v2\/users\/1"}],"replies":[{"embeddable":true,"href":"https:\/\/www.maculart.com\/ca\/wp-json\/wp\/v2\/comments?post=2519"}],"version-history":[{"count":3,"href":"https:\/\/www.maculart.com\/ca\/wp-json\/wp\/v2\/pages\/2519\/revisions"}],"predecessor-version":[{"id":2756,"href":"https:\/\/www.maculart.com\/ca\/wp-json\/wp\/v2\/pages\/2519\/revisions\/2756"}],"wp:featuredmedia":[{"embeddable":true,"href":"https:\/\/www.maculart.com\/ca\/wp-json\/wp\/v2\/media\/2260"}],"wp:attachment":[{"href":"https:\/\/www.maculart.com\/ca\/wp-json\/wp\/v2\/media?parent=2519"}],"curies":[{"name":"wp","href":"https:\/\/api.w.org\/{rel}","templated":true}]}}