{"id":2541,"date":"2023-07-12T12:08:30","date_gmt":"2023-07-12T10:08:30","guid":{"rendered":"https:\/\/www.maculart.com\/missio-visio-i-valors\/"},"modified":"2023-10-10T13:54:10","modified_gmt":"2023-10-10T11:54:10","slug":"missio-visio-i-valors","status":"publish","type":"page","link":"https:\/\/www.maculart.com\/ca\/missio-visio-i-valors\/","title":{"rendered":"Missi\u00f3, Visi\u00f3 i Valors"},"content":{"rendered":"\t\t<div data-elementor-type=\"wp-page\" data-elementor-id=\"2541\" class=\"elementor elementor-2541 elementor-178\">\n\t\t\t\t<div class=\"elementor-element elementor-element-9895c4a e-flex e-con-boxed e-con e-parent\" data-id=\"9895c4a\" data-element_type=\"container\" data-e-type=\"container\">\n\t\t\t\t\t<div class=\"e-con-inner\">\n\t\t<div class=\"elementor-element elementor-element-da34b37 e-con-full e-flex e-con e-parent\" data-id=\"da34b37\" data-element_type=\"container\" data-e-type=\"container\">\n\t\t\t\t<div class=\"elementor-element elementor-element-68b8287 elementor-widget elementor-widget-heading\" data-id=\"68b8287\" data-element_type=\"widget\" data-e-type=\"widget\" data-widget_type=\"heading.default\">\n\t\t\t\t<div class=\"elementor-widget-container\">\n\t\t\t\t\t<h4 class=\"elementor-heading-title elementor-size-default\">missi\u00f3<\/h4>\t\t\t\t<\/div>\n\t\t\t\t<\/div>\n\t\t\t\t<div class=\"elementor-element elementor-element-0d31394 elementor-widget elementor-widget-heading\" data-id=\"0d31394\" data-element_type=\"widget\" data-e-type=\"widget\" data-widget_type=\"heading.default\">\n\t\t\t\t<div class=\"elementor-widget-container\">\n\t\t\t\t\t<h2 class=\"elementor-heading-title elementor-size-default\">Al costat dels nostres\nclients<\/h2>\t\t\t\t<\/div>\n\t\t\t\t<\/div>\n\t\t\t\t<div class=\"elementor-element elementor-element-df25a4f line-height-2 elementor-widget elementor-widget-text-editor\" data-id=\"df25a4f\" data-element_type=\"widget\" data-e-type=\"widget\" data-widget_type=\"text-editor.default\">\n\t\t\t\t<div class=\"elementor-widget-container\">\n\t\t\t\t\t\t\t\t\t<p>Des dels nostres inicis fa m\u00e9s de 50 anys, a <strong>Grup Maculart<\/strong> treballem per estar al costat dels nostres clients i les seves necessitats. La nostra missi\u00f3 \u00e9s adaptar-nos als requisits de la <strong>ind\u00fastria farmac\u00e8utica<\/strong>, tant en la producci\u00f3 de <strong>prospectes i estoigs<\/strong>, com en els nous reptes de sostenibilitat i reciclatge que planteja el sector.<br \/>Ho fem a partir d\u00b4una relaci\u00f3 molt propera i de confian\u00e7a amb els nostres clients. Gr\u00e0cies a la implicaci\u00f3 de tot el nostre equip podem oferir un <strong>servei molt \u00e0gil<\/strong> per donar resposta a les necessitats canviants d&#8217;un sector tan exigent com el farmac\u00e8utic sense comprometre\u2019n mai la qualitat.<\/p>\n\t\t\t\t\t\t\t\t<\/div>\n\t\t\t\t<\/div>\n\t\t\t\t<\/div>\n\t\t<div class=\"elementor-element elementor-element-948e3da e-con-full e-flex e-con e-parent\" data-id=\"948e3da\" data-element_type=\"container\" data-e-type=\"container\">\n\t\t\t\t<div class=\"elementor-element elementor-element-7b7acdf elementor-widget elementor-widget-image\" data-id=\"7b7acdf\" data-element_type=\"widget\" data-e-type=\"widget\" data-widget_type=\"image.default\">\n\t\t\t\t<div class=\"elementor-widget-container\">\n\t\t\t\t\t\t\t\t\t\t\t\t\t\t\t<img fetchpriority=\"high\" decoding=\"async\" width=\"900\" height=\"600\" src=\"https:\/\/www.maculart.com\/app\/uploads\/2023\/09\/misionvisionvalor.jpg\" class=\"attachment-large size-large wp-image-2386\" alt=\"\" srcset=\"https:\/\/www.maculart.com\/app\/uploads\/2023\/09\/misionvisionvalor.jpg 900w, https:\/\/www.maculart.com\/app\/uploads\/2023\/09\/misionvisionvalor-300x200.jpg 300w, https:\/\/www.maculart.com\/app\/uploads\/2023\/09\/misionvisionvalor-768x512.jpg 768w\" sizes=\"(max-width: 900px) 100vw, 900px\" \/>\t\t\t\t\t\t\t\t\t\t\t\t\t\t\t<\/div>\n\t\t\t\t<\/div>\n\t\t\t\t<\/div>\n\t\t\t\t\t<\/div>\n\t\t\t\t<\/div>\n\t\t<div class=\"elementor-element elementor-element-d74be2b e-flex e-con-boxed e-con e-parent\" data-id=\"d74be2b\" data-element_type=\"container\" data-e-type=\"container\">\n\t\t\t\t\t<div class=\"e-con-inner\">\n\t\t<div class=\"elementor-element elementor-element-859e9fc e-con-full e-flex e-con e-parent\" data-id=\"859e9fc\" data-element_type=\"container\" data-e-type=\"container\">\n\t\t\t\t<div class=\"elementor-element elementor-element-5687dd8 elementor-widget elementor-widget-image\" data-id=\"5687dd8\" data-element_type=\"widget\" data-e-type=\"widget\" data-widget_type=\"image.default\">\n\t\t\t\t<div class=\"elementor-widget-container\">\n\t\t\t\t\t\t\t\t\t\t\t\t\t\t\t<img decoding=\"async\" width=\"709\" height=\"600\" src=\"https:\/\/www.maculart.com\/app\/uploads\/2023\/07\/Rectangle-11.jpg\" class=\"attachment-large size-large wp-image-2266\" alt=\"\" srcset=\"https:\/\/www.maculart.com\/app\/uploads\/2023\/07\/Rectangle-11.jpg 709w, https:\/\/www.maculart.com\/app\/uploads\/2023\/07\/Rectangle-11-300x254.jpg 300w\" sizes=\"(max-width: 709px) 100vw, 709px\" \/>\t\t\t\t\t\t\t\t\t\t\t\t\t\t\t<\/div>\n\t\t\t\t<\/div>\n\t\t\t\t<\/div>\n\t\t<div class=\"elementor-element elementor-element-a3cae52 e-con-full e-flex e-con e-parent\" data-id=\"a3cae52\" data-element_type=\"container\" data-e-type=\"container\">\n\t\t\t\t<div class=\"elementor-element elementor-element-ce10857 elementor-widget elementor-widget-heading\" data-id=\"ce10857\" data-element_type=\"widget\" data-e-type=\"widget\" data-widget_type=\"heading.default\">\n\t\t\t\t<div class=\"elementor-widget-container\">\n\t\t\t\t\t<h4 class=\"elementor-heading-title elementor-size-default\">VISI\u00d3<\/h4>\t\t\t\t<\/div>\n\t\t\t\t<\/div>\n\t\t\t\t<div class=\"elementor-element elementor-element-0c2072c elementor-widget elementor-widget-heading\" data-id=\"0c2072c\" data-element_type=\"widget\" data-e-type=\"widget\" data-widget_type=\"heading.default\">\n\t\t\t\t<div class=\"elementor-widget-container\">\n\t\t\t\t\t<h2 class=\"elementor-heading-title elementor-size-default\">50 anys \ncreixent junts<\/h2>\t\t\t\t<\/div>\n\t\t\t\t<\/div>\n\t\t\t\t<div class=\"elementor-element elementor-element-6e386f5 line-height-2 elementor-widget elementor-widget-text-editor\" data-id=\"6e386f5\" data-element_type=\"widget\" data-e-type=\"widget\" data-widget_type=\"text-editor.default\">\n\t\t\t\t<div class=\"elementor-widget-container\">\n\t\t\t\t\t\t\t\t\t<p>A Grup Maculart ens inspiren els nostres <strong>clients<\/strong>. Seguint la visi\u00f3 del nostre fundador, Jos\u00e9 Maj\u00f3s, treballem per fer realitat els projectes que ells imaginen. Sempre en constant evoluci\u00f3 i al dia de les darreres tend\u00e8ncies en el sector de les <strong>arts gr\u00e0fiques<\/strong>, continuem explorant nous camps, guiats pels nostres experts, perqu\u00e8 quan tinguis una visi\u00f3 puguem oferir-te la millor soluci\u00f3 per dur-la a terme.<\/p>\n<p>D&#8217;aquesta manera, al llarg dels anys hem anat ampliant els nostres serveis. Als serveis inicials <strong>d&#8217; impressi\u00f3 de prospectes farmac\u00e8utics i producci\u00f3 d&#8217;estoigs farmac\u00e8utics<\/strong>, incorporem tamb\u00e9 <strong>solucions de PLV<\/strong> per seguir aportant valor als nostres clients i oferir-los un servei global amb propostes innovadores i creatives, alineades amb els requeriments del sector farmac\u00e8utic.<\/p>\n\t\t\t\t\t\t\t\t<\/div>\n\t\t\t\t<\/div>\n\t\t\t\t<\/div>\n\t\t\t\t\t<\/div>\n\t\t\t\t<\/div>\n\t\t<div class=\"elementor-element elementor-element-fe22043 e-flex e-con-boxed e-con e-parent\" data-id=\"fe22043\" data-element_type=\"container\" data-e-type=\"container\">\n\t\t\t\t\t<div class=\"e-con-inner\">\n\t\t<div class=\"elementor-element elementor-element-2dc5b99 e-con-full e-flex e-con e-parent\" data-id=\"2dc5b99\" data-element_type=\"container\" data-e-type=\"container\">\n\t\t\t\t<div class=\"elementor-element elementor-element-1dd74b9 elementor-widget elementor-widget-heading\" data-id=\"1dd74b9\" data-element_type=\"widget\" data-e-type=\"widget\" data-widget_type=\"heading.default\">\n\t\t\t\t<div class=\"elementor-widget-container\">\n\t\t\t\t\t<h4 class=\"elementor-heading-title elementor-size-default\">VALORS<\/h4>\t\t\t\t<\/div>\n\t\t\t\t<\/div>\n\t\t\t\t<div class=\"elementor-element elementor-element-c68465e elementor-widget elementor-widget-heading\" data-id=\"c68465e\" data-element_type=\"widget\" data-e-type=\"widget\" data-widget_type=\"heading.default\">\n\t\t\t\t<div class=\"elementor-widget-container\">\n\t\t\t\t\t<h2 class=\"elementor-heading-title elementor-size-default\">A la recerca de l'excel\u00b7l\u00e8ncia en la impressi\u00f3<\/h2>\t\t\t\t<\/div>\n\t\t\t\t<\/div>\n\t\t\t\t<div class=\"elementor-element elementor-element-4c0fe52 line-height-2 elementor-widget elementor-widget-text-editor\" data-id=\"4c0fe52\" data-element_type=\"widget\" data-e-type=\"widget\" data-widget_type=\"text-editor.default\">\n\t\t\t\t<div class=\"elementor-widget-container\">\n\t\t\t\t\t\t\t\t\t<p>I de l\u2019efici\u00e8ncia. A Grup Maculart sabem que imprimir no \u00e9s nom\u00e9s una tasca manual. Ben al contrari, \u00e9s un proc\u00e9s on la intervenci\u00f3 humana s&#8217;uneix a la tecnologia m\u00e9s capdavantera per aconseguir resultats de la <strong>m\u00e0xima qualitat<\/strong> sense deixar de banda <strong>l&#8217;efici\u00e8ncia<\/strong>.<\/p>\n<p>Cada prospecte que surt de la nostra planta comunica molt m\u00e9s que la informaci\u00f3 que porta impresa; transmet qualitat i <strong>atenci\u00f3 a cada detall.<\/strong> . D\u2019altra banda, cada estoig farmac\u00e8utic que produ\u00efm incorpora tota la nostra <strong>experi\u00e8ncia i exig\u00e8ncia<\/strong>, perqu\u00e8 el que cont\u00e9 \u00e9s tan important per a nosaltres com ho \u00e9s per als nostres clients.<\/p>\n<p>Aquests s\u00f3n els <strong>valors<\/strong> que mouen a Grup Maculart, juntament amb el <strong>treball en equip<\/strong>, perqu\u00e8 sabem que cada una de les persones que participen en el desenvolupament d&#8217;un projecte, des del comercial fins a l&#8217;oficial d&#8217;encunyaci\u00f3, s\u00f3n fonamentals per assolir la nostra missi\u00f3 d&#8217;estar al costat dels nostres clients i adaptar-nos a les vostres necessitats.<\/p>\n\t\t\t\t\t\t\t\t<\/div>\n\t\t\t\t<\/div>\n\t\t\t\t<\/div>\n\t\t<div class=\"elementor-element elementor-element-2c49f54 e-con-full e-flex e-con e-parent\" data-id=\"2c49f54\" data-element_type=\"container\" data-e-type=\"container\">\n\t\t\t\t<div class=\"elementor-element elementor-element-3eff226 elementor-widget elementor-widget-image\" data-id=\"3eff226\" data-element_type=\"widget\" data-e-type=\"widget\" data-widget_type=\"image.default\">\n\t\t\t\t<div class=\"elementor-widget-container\">\n\t\t\t\t\t\t\t\t\t\t\t\t\t\t\t<img decoding=\"async\" width=\"712\" height=\"600\" src=\"https:\/\/www.maculart.com\/app\/uploads\/2023\/07\/Rectangle-12.jpg\" class=\"attachment-large size-large wp-image-2269\" alt=\"\" srcset=\"https:\/\/www.maculart.com\/app\/uploads\/2023\/07\/Rectangle-12.jpg 712w, https:\/\/www.maculart.com\/app\/uploads\/2023\/07\/Rectangle-12-300x253.jpg 300w\" sizes=\"(max-width: 712px) 100vw, 712px\" \/>\t\t\t\t\t\t\t\t\t\t\t\t\t\t\t<\/div>\n\t\t\t\t<\/div>\n\t\t\t\t<\/div>\n\t\t\t\t\t<\/div>\n\t\t\t\t<\/div>\n\t\t\t\t<\/div>\n\t\t","protected":false},"excerpt":{"rendered":"<p>missi\u00f3 Al costat dels nostres clients Des dels nostres inicis fa m\u00e9s de 50 anys, a Grup Maculart treballem per estar al costat dels nostres clients i les seves necessitats&#8230;.<\/p>\n","protected":false},"author":1,"featured_media":0,"parent":0,"menu_order":0,"comment_status":"closed","ping_status":"closed","template":"","meta":{"_acf_changed":false,"inline_featured_image":false,"footnotes":""},"class_list":["post-2541","page","type-page","status-publish","hentry"],"acf":[],"yoast_head":"<!-- This site is optimized with the Yoast SEO plugin v27.4 - https:\/\/yoast.com\/product\/yoast-seo-wordpress\/ -->\n<title>Missi\u00f3, Visi\u00f3 i Valors - Maculart<\/title>\n<meta name=\"robots\" content=\"index, follow, max-snippet:-1, max-image-preview:large, max-video-preview:-1\" \/>\n<link rel=\"canonical\" href=\"https:\/\/www.maculart.com\/ca\/missio-visio-i-valors\/\" \/>\n<meta property=\"og:locale\" content=\"ca_ES\" \/>\n<meta property=\"og:type\" content=\"article\" \/>\n<meta property=\"og:title\" content=\"Missi\u00f3, Visi\u00f3 i Valors - Maculart\" \/>\n<meta property=\"og:description\" content=\"missi\u00f3 Al costat dels nostres clients Des dels nostres inicis fa m\u00e9s de 50 anys, a Grup Maculart treballem per estar al costat dels nostres clients i les seves necessitats....\" \/>\n<meta property=\"og:url\" content=\"https:\/\/www.maculart.com\/ca\/missio-visio-i-valors\/\" \/>\n<meta property=\"og:site_name\" content=\"Maculart\" \/>\n<meta property=\"article:modified_time\" content=\"2023-10-10T11:54:10+00:00\" \/>\n<meta property=\"og:image\" content=\"https:\/\/www.maculart.com\/app\/uploads\/2023\/09\/misionvisionvalor.jpg\" \/>\n<meta name=\"twitter:card\" content=\"summary_large_image\" \/>\n<meta name=\"twitter:label1\" content=\"Temps estimat de lectura\" \/>\n\t<meta name=\"twitter:data1\" content=\"2 minuts\" \/>\n<script type=\"application\/ld+json\" class=\"yoast-schema-graph\">{\"@context\":\"https:\\\/\\\/schema.org\",\"@graph\":[{\"@type\":\"WebPage\",\"@id\":\"https:\\\/\\\/www.maculart.com\\\/ca\\\/missio-visio-i-valors\\\/\",\"url\":\"https:\\\/\\\/www.maculart.com\\\/ca\\\/missio-visio-i-valors\\\/\",\"name\":\"Missi\u00f3, Visi\u00f3 i Valors - Maculart\",\"isPartOf\":{\"@id\":\"https:\\\/\\\/www.maculart.com\\\/ca\\\/#website\"},\"primaryImageOfPage\":{\"@id\":\"https:\\\/\\\/www.maculart.com\\\/ca\\\/missio-visio-i-valors\\\/#primaryimage\"},\"image\":{\"@id\":\"https:\\\/\\\/www.maculart.com\\\/ca\\\/missio-visio-i-valors\\\/#primaryimage\"},\"thumbnailUrl\":\"https:\\\/\\\/www.maculart.com\\\/app\\\/uploads\\\/2023\\\/09\\\/misionvisionvalor.jpg\",\"datePublished\":\"2023-07-12T10:08:30+00:00\",\"dateModified\":\"2023-10-10T11:54:10+00:00\",\"inLanguage\":\"ca\",\"potentialAction\":[{\"@type\":\"ReadAction\",\"target\":[\"https:\\\/\\\/www.maculart.com\\\/ca\\\/missio-visio-i-valors\\\/\"]}]},{\"@type\":\"ImageObject\",\"inLanguage\":\"ca\",\"@id\":\"https:\\\/\\\/www.maculart.com\\\/ca\\\/missio-visio-i-valors\\\/#primaryimage\",\"url\":\"https:\\\/\\\/www.maculart.com\\\/app\\\/uploads\\\/2023\\\/09\\\/misionvisionvalor.jpg\",\"contentUrl\":\"https:\\\/\\\/www.maculart.com\\\/app\\\/uploads\\\/2023\\\/09\\\/misionvisionvalor.jpg\"},{\"@type\":\"WebSite\",\"@id\":\"https:\\\/\\\/www.maculart.com\\\/ca\\\/#website\",\"url\":\"https:\\\/\\\/www.maculart.com\\\/ca\\\/\",\"name\":\"Maculart\",\"description\":\"\",\"potentialAction\":[{\"@type\":\"SearchAction\",\"target\":{\"@type\":\"EntryPoint\",\"urlTemplate\":\"https:\\\/\\\/www.maculart.com\\\/ca\\\/?s={search_term_string}\"},\"query-input\":{\"@type\":\"PropertyValueSpecification\",\"valueRequired\":true,\"valueName\":\"search_term_string\"}}],\"inLanguage\":\"ca\"}]}<\/script>\n<!-- \/ Yoast SEO plugin. -->","yoast_head_json":{"title":"Missi\u00f3, Visi\u00f3 i Valors - Maculart","robots":{"index":"index","follow":"follow","max-snippet":"max-snippet:-1","max-image-preview":"max-image-preview:large","max-video-preview":"max-video-preview:-1"},"canonical":"https:\/\/www.maculart.com\/ca\/missio-visio-i-valors\/","og_locale":"ca_ES","og_type":"article","og_title":"Missi\u00f3, Visi\u00f3 i Valors - Maculart","og_description":"missi\u00f3 Al costat dels nostres clients Des dels nostres inicis fa m\u00e9s de 50 anys, a Grup Maculart treballem per estar al costat dels nostres clients i les seves necessitats....","og_url":"https:\/\/www.maculart.com\/ca\/missio-visio-i-valors\/","og_site_name":"Maculart","article_modified_time":"2023-10-10T11:54:10+00:00","og_image":[{"url":"https:\/\/www.maculart.com\/app\/uploads\/2023\/09\/misionvisionvalor.jpg","type":"","width":"","height":""}],"twitter_card":"summary_large_image","twitter_misc":{"Temps estimat de lectura":"2 minuts"},"schema":{"@context":"https:\/\/schema.org","@graph":[{"@type":"WebPage","@id":"https:\/\/www.maculart.com\/ca\/missio-visio-i-valors\/","url":"https:\/\/www.maculart.com\/ca\/missio-visio-i-valors\/","name":"Missi\u00f3, Visi\u00f3 i Valors - Maculart","isPartOf":{"@id":"https:\/\/www.maculart.com\/ca\/#website"},"primaryImageOfPage":{"@id":"https:\/\/www.maculart.com\/ca\/missio-visio-i-valors\/#primaryimage"},"image":{"@id":"https:\/\/www.maculart.com\/ca\/missio-visio-i-valors\/#primaryimage"},"thumbnailUrl":"https:\/\/www.maculart.com\/app\/uploads\/2023\/09\/misionvisionvalor.jpg","datePublished":"2023-07-12T10:08:30+00:00","dateModified":"2023-10-10T11:54:10+00:00","inLanguage":"ca","potentialAction":[{"@type":"ReadAction","target":["https:\/\/www.maculart.com\/ca\/missio-visio-i-valors\/"]}]},{"@type":"ImageObject","inLanguage":"ca","@id":"https:\/\/www.maculart.com\/ca\/missio-visio-i-valors\/#primaryimage","url":"https:\/\/www.maculart.com\/app\/uploads\/2023\/09\/misionvisionvalor.jpg","contentUrl":"https:\/\/www.maculart.com\/app\/uploads\/2023\/09\/misionvisionvalor.jpg"},{"@type":"WebSite","@id":"https:\/\/www.maculart.com\/ca\/#website","url":"https:\/\/www.maculart.com\/ca\/","name":"Maculart","description":"","potentialAction":[{"@type":"SearchAction","target":{"@type":"EntryPoint","urlTemplate":"https:\/\/www.maculart.com\/ca\/?s={search_term_string}"},"query-input":{"@type":"PropertyValueSpecification","valueRequired":true,"valueName":"search_term_string"}}],"inLanguage":"ca"}]}},"_links":{"self":[{"href":"https:\/\/www.maculart.com\/ca\/wp-json\/wp\/v2\/pages\/2541","targetHints":{"allow":["GET"]}}],"collection":[{"href":"https:\/\/www.maculart.com\/ca\/wp-json\/wp\/v2\/pages"}],"about":[{"href":"https:\/\/www.maculart.com\/ca\/wp-json\/wp\/v2\/types\/page"}],"author":[{"embeddable":true,"href":"https:\/\/www.maculart.com\/ca\/wp-json\/wp\/v2\/users\/1"}],"replies":[{"embeddable":true,"href":"https:\/\/www.maculart.com\/ca\/wp-json\/wp\/v2\/comments?post=2541"}],"version-history":[{"count":2,"href":"https:\/\/www.maculart.com\/ca\/wp-json\/wp\/v2\/pages\/2541\/revisions"}],"predecessor-version":[{"id":2775,"href":"https:\/\/www.maculart.com\/ca\/wp-json\/wp\/v2\/pages\/2541\/revisions\/2775"}],"wp:attachment":[{"href":"https:\/\/www.maculart.com\/ca\/wp-json\/wp\/v2\/media?parent=2541"}],"curies":[{"name":"wp","href":"https:\/\/api.w.org\/{rel}","templated":true}]}}