{"id":2545,"date":"2023-07-12T12:59:21","date_gmt":"2023-07-12T10:59:21","guid":{"rendered":"https:\/\/www.maculart.com\/packaging\/"},"modified":"2023-10-10T14:30:18","modified_gmt":"2023-10-10T12:30:18","slug":"packaging","status":"publish","type":"page","link":"https:\/\/www.maculart.com\/ca\/packaging\/","title":{"rendered":"Packaging"},"content":{"rendered":"\t\t<div data-elementor-type=\"wp-page\" data-elementor-id=\"2545\" class=\"elementor elementor-2545 elementor-246\">\n\t\t\t\t<div class=\"elementor-element elementor-element-dd17c57 e-flex e-con-boxed e-con e-parent\" data-id=\"dd17c57\" data-element_type=\"container\" data-e-type=\"container\">\n\t\t\t\t\t<div class=\"e-con-inner\">\n\t\t<div class=\"elementor-element elementor-element-a0c011e e-con-full e-flex e-con e-parent\" data-id=\"a0c011e\" data-element_type=\"container\" data-e-type=\"container\">\n\t\t\t\t<div class=\"elementor-element elementor-element-c023577 elementor-widget elementor-widget-heading\" data-id=\"c023577\" data-element_type=\"widget\" data-e-type=\"widget\" data-widget_type=\"heading.default\">\n\t\t\t\t<div class=\"elementor-widget-container\">\n\t\t\t\t\t<h2 class=\"elementor-heading-title elementor-size-default\">Packaging farmac\u00e8utic<\/h2>\t\t\t\t<\/div>\n\t\t\t\t<\/div>\n\t\t\t\t<div class=\"elementor-element elementor-element-d005296 line-height-2 elementor-widget elementor-widget-text-editor\" data-id=\"d005296\" data-element_type=\"widget\" data-e-type=\"widget\" data-widget_type=\"text-editor.default\">\n\t\t\t\t<div class=\"elementor-widget-container\">\n\t\t\t\t\t\t\t\t\t<p>El sector de l&#8217;embalatge s&#8217;ha convertit en un element quotidi\u00e0 essencial. Ara l&#8217;embalatge forma part intr\u00ednseca de la imatge del producte i en Grup Maculart treballem perqu\u00e8 s&#8217;ajusti a la perfecci\u00f3 amb la imatge que volen projectar els nostres clients. Amb una producci\u00f3 anual de 100 milions d&#8217;estotjos, l&#8217;embalatge farmac\u00e8utic \u00e9s una de les principals activitats de Grup Maculart des dels nostres inicis fa m\u00e9s de 50 anys.<\/p>\n\t\t\t\t\t\t\t\t<\/div>\n\t\t\t\t<\/div>\n\t\t\t\t<\/div>\n\t\t<div class=\"elementor-element elementor-element-704f7ec e-con-full e-flex e-con e-parent\" data-id=\"704f7ec\" data-element_type=\"container\" data-e-type=\"container\">\n\t\t\t\t<div class=\"elementor-element elementor-element-4b8f445 elementor-widget elementor-widget-image\" data-id=\"4b8f445\" data-element_type=\"widget\" data-e-type=\"widget\" data-widget_type=\"image.default\">\n\t\t\t\t<div class=\"elementor-widget-container\">\n\t\t\t\t\t\t\t\t\t\t\t\t\t\t\t<img fetchpriority=\"high\" decoding=\"async\" width=\"706\" height=\"600\" src=\"https:\/\/www.maculart.com\/app\/uploads\/2023\/07\/Rectangle-4-2.jpg\" class=\"attachment-large size-large wp-image-2290\" alt=\"\" srcset=\"https:\/\/www.maculart.com\/app\/uploads\/2023\/07\/Rectangle-4-2.jpg 706w, https:\/\/www.maculart.com\/app\/uploads\/2023\/07\/Rectangle-4-2-300x255.jpg 300w\" sizes=\"(max-width: 706px) 100vw, 706px\" \/>\t\t\t\t\t\t\t\t\t\t\t\t\t\t\t<\/div>\n\t\t\t\t<\/div>\n\t\t\t\t<\/div>\n\t\t\t\t\t<\/div>\n\t\t\t\t<\/div>\n\t\t<div class=\"elementor-element elementor-element-92d044e e-flex e-con-boxed e-con e-parent\" data-id=\"92d044e\" data-element_type=\"container\" data-e-type=\"container\">\n\t\t\t\t\t<div class=\"e-con-inner\">\n\t\t<div class=\"elementor-element elementor-element-2c9f74d e-con-full e-flex e-con e-parent\" data-id=\"2c9f74d\" data-element_type=\"container\" data-e-type=\"container\">\n\t\t\t\t<div class=\"elementor-element elementor-element-667789b elementor-widget elementor-widget-image\" data-id=\"667789b\" data-element_type=\"widget\" data-e-type=\"widget\" data-widget_type=\"image.default\">\n\t\t\t\t<div class=\"elementor-widget-container\">\n\t\t\t\t\t\t\t\t\t\t\t\t\t\t\t<img decoding=\"async\" width=\"900\" height=\"600\" src=\"https:\/\/www.maculart.com\/app\/uploads\/2023\/09\/packagingpersonal.jpg\" class=\"attachment-large size-large wp-image-2401\" alt=\"\" srcset=\"https:\/\/www.maculart.com\/app\/uploads\/2023\/09\/packagingpersonal.jpg 900w, https:\/\/www.maculart.com\/app\/uploads\/2023\/09\/packagingpersonal-300x200.jpg 300w, https:\/\/www.maculart.com\/app\/uploads\/2023\/09\/packagingpersonal-768x512.jpg 768w\" sizes=\"(max-width: 900px) 100vw, 900px\" \/>\t\t\t\t\t\t\t\t\t\t\t\t\t\t\t<\/div>\n\t\t\t\t<\/div>\n\t\t\t\t<\/div>\n\t\t<div class=\"elementor-element elementor-element-834e559 e-con-full e-flex e-con e-parent\" data-id=\"834e559\" data-element_type=\"container\" data-e-type=\"container\">\n\t\t\t\t<div class=\"elementor-element elementor-element-8c28a8d line-height-2 number-list elementor-widget elementor-widget-text-editor\" data-id=\"8c28a8d\" data-element_type=\"widget\" data-e-type=\"widget\" data-widget_type=\"text-editor.default\">\n\t\t\t\t<div class=\"elementor-widget-container\">\n\t\t\t\t\t\t\t\t\t<p>Som especialistes en impressi\u00f3 d&#8217;estoigs d&#8217;alta qualitat per a la ind\u00fastria farmac\u00e8utica. Per aix\u00f2, comptem amb la darrera tecnologia i la nostra \u00e0mplia experi\u00e8ncia en el sector per oferir el millor servei i uns terminis de lliurament \u00f2ptims. En el nostre servei d&#8217;impressi\u00f3 d&#8217;estoigs farmac\u00e8utics destaquem tres maquin\u00e0ries imprescindibles:<\/p>\n<ol>\n<li>&#8211; En impressi\u00f3 \u00f2fset, la KBA Rapida 105 Pro, amb c\u00e0meres de visi\u00f3 intel\u00b7ligent, test de color i que pot imprimir fins a 18.000 plecs\/hora.<\/li>\n<li>La plegadora-engomadora Bobst Expertfold 80 A-1 amb Handypack i Accubraille en l\u00ednia.<\/li>\n<li>L&#8217;encunyadora OPTIMA-L 105 KBA, equipada amb expulsor i blanking.<\/li>\n<\/ol>\n\t\t\t\t\t\t\t\t<\/div>\n\t\t\t\t<\/div>\n\t\t\t\t<\/div>\n\t\t\t\t\t<\/div>\n\t\t\t\t<\/div>\n\t\t<div class=\"elementor-element elementor-element-9f2c69d e-flex e-con-boxed e-con e-parent\" data-id=\"9f2c69d\" data-element_type=\"container\" data-e-type=\"container\">\n\t\t\t\t\t<div class=\"e-con-inner\">\n\t\t<div class=\"elementor-element elementor-element-7f4bd5e e-con-full e-flex e-con e-parent\" data-id=\"7f4bd5e\" data-element_type=\"container\" data-e-type=\"container\">\n\t\t\t\t<div class=\"elementor-element elementor-element-6c0ec48 line-height-2  elementor-widget elementor-widget-text-editor\" data-id=\"6c0ec48\" data-element_type=\"widget\" data-e-type=\"widget\" data-widget_type=\"text-editor.default\">\n\t\t\t\t<div class=\"elementor-widget-container\">\n\t\t\t\t\t\t\t\t\t<p>Nuestros servicios de impresi\u00f3n de estuches farmac\u00e9uticos incluyen:<\/p>\n\t\t\t\t\t\t\t\t<\/div>\n\t\t\t\t<\/div>\n\t\t\t\t<div class=\"elementor-element elementor-element-ddc54c0 elementor-align-start elementor-icon-list--layout-traditional elementor-list-item-link-full_width elementor-widget elementor-widget-icon-list\" data-id=\"ddc54c0\" data-element_type=\"widget\" data-e-type=\"widget\" data-widget_type=\"icon-list.default\">\n\t\t\t\t<div class=\"elementor-widget-container\">\n\t\t\t\t\t\t\t<ul class=\"elementor-icon-list-items\">\n\t\t\t\t\t\t\t<li class=\"elementor-icon-list-item\">\n\t\t\t\t\t\t\t\t\t\t\t<span class=\"elementor-icon-list-icon\">\n\t\t\t\t\t\t\t<i aria-hidden=\"true\" class=\"fas fa-check\"><\/i>\t\t\t\t\t\t<\/span>\n\t\t\t\t\t\t\t\t\t\t<span class=\"elementor-icon-list-text\">Impressi\u00f3 d\u00b4alta qualitat.<\/span>\n\t\t\t\t\t\t\t\t\t<\/li>\n\t\t\t\t\t\t\t\t<li class=\"elementor-icon-list-item\">\n\t\t\t\t\t\t\t\t\t\t\t<span class=\"elementor-icon-list-icon\">\n\t\t\t\t\t\t\t<i aria-hidden=\"true\" class=\"fas fa-check\"><\/i>\t\t\t\t\t\t<\/span>\n\t\t\t\t\t\t\t\t\t\t<span class=\"elementor-icon-list-text\">Impressi\u00f3 de grans i petits tiratges.<\/span>\n\t\t\t\t\t\t\t\t\t<\/li>\n\t\t\t\t\t\t\t\t<li class=\"elementor-icon-list-item\">\n\t\t\t\t\t\t\t\t\t\t\t<span class=\"elementor-icon-list-icon\">\n\t\t\t\t\t\t\t<i aria-hidden=\"true\" class=\"fas fa-check\"><\/i>\t\t\t\t\t\t<\/span>\n\t\t\t\t\t\t\t\t\t\t<span class=\"elementor-icon-list-text\">Personalitzaci\u00f3 d\u2019una producci\u00f3<\/span>\n\t\t\t\t\t\t\t\t\t<\/li>\n\t\t\t\t\t\t\t\t<li class=\"elementor-icon-list-item\">\n\t\t\t\t\t\t\t\t\t\t\t<span class=\"elementor-icon-list-icon\">\n\t\t\t\t\t\t\t<i aria-hidden=\"true\" class=\"fas fa-check\"><\/i>\t\t\t\t\t\t<\/span>\n\t\t\t\t\t\t\t\t\t\t<span class=\"elementor-icon-list-text\">Servei de maquetes decorades<\/span>\n\t\t\t\t\t\t\t\t\t<\/li>\n\t\t\t\t\t\t\t\t<li class=\"elementor-icon-list-item\">\n\t\t\t\t\t\t\t\t\t\t\t<span class=\"elementor-icon-list-icon\">\n\t\t\t\t\t\t\t<i aria-hidden=\"true\" class=\"fas fa-check\"><\/i>\t\t\t\t\t\t<\/span>\n\t\t\t\t\t\t\t\t\t\t<span class=\"elementor-icon-list-text\">Servei de disseny 3D per assegurar la conformitat dels requisits legals i apreciar el resultat final d'un nou projecte.<\/span>\n\t\t\t\t\t\t\t\t\t<\/li>\n\t\t\t\t\t\t<\/ul>\n\t\t\t\t\t\t<\/div>\n\t\t\t\t<\/div>\n\t\t\t\t<\/div>\n\t\t<div class=\"elementor-element elementor-element-a263c5e e-con-full e-flex e-con e-parent\" data-id=\"a263c5e\" data-element_type=\"container\" data-e-type=\"container\">\n\t\t\t\t<div class=\"elementor-element elementor-element-901601a elementor-widget elementor-widget-image\" data-id=\"901601a\" data-element_type=\"widget\" data-e-type=\"widget\" data-widget_type=\"image.default\">\n\t\t\t\t<div class=\"elementor-widget-container\">\n\t\t\t\t\t\t\t\t\t\t\t\t\t\t\t<img decoding=\"async\" width=\"710\" height=\"546\" src=\"https:\/\/www.maculart.com\/app\/uploads\/2023\/07\/Rectangle-13-2.jpg\" class=\"attachment-large size-large wp-image-2293\" alt=\"\" srcset=\"https:\/\/www.maculart.com\/app\/uploads\/2023\/07\/Rectangle-13-2.jpg 710w, https:\/\/www.maculart.com\/app\/uploads\/2023\/07\/Rectangle-13-2-300x231.jpg 300w\" sizes=\"(max-width: 710px) 100vw, 710px\" \/>\t\t\t\t\t\t\t\t\t\t\t\t\t\t\t<\/div>\n\t\t\t\t<\/div>\n\t\t\t\t<\/div>\n\t\t\t\t\t<\/div>\n\t\t\t\t<\/div>\n\t\t<div class=\"elementor-element elementor-element-308e035 e-flex e-con-boxed e-con e-parent\" data-id=\"308e035\" data-element_type=\"container\" data-e-type=\"container\">\n\t\t\t\t\t<div class=\"e-con-inner\">\n\t\t<div class=\"elementor-element elementor-element-4dcf98a e-con-full e-flex e-con e-parent\" data-id=\"4dcf98a\" data-element_type=\"container\" data-e-type=\"container\">\n\t\t\t\t<div class=\"elementor-element elementor-element-e7bf78a elementor-widget elementor-widget-image\" data-id=\"e7bf78a\" data-element_type=\"widget\" data-e-type=\"widget\" data-widget_type=\"image.default\">\n\t\t\t\t<div class=\"elementor-widget-container\">\n\t\t\t\t\t\t\t\t\t\t\t\t\t\t\t<img loading=\"lazy\" decoding=\"async\" width=\"707\" height=\"600\" src=\"https:\/\/www.maculart.com\/app\/uploads\/2023\/07\/Rectangle-14-1.jpg\" class=\"attachment-large size-large wp-image-2296\" alt=\"\" srcset=\"https:\/\/www.maculart.com\/app\/uploads\/2023\/07\/Rectangle-14-1.jpg 707w, https:\/\/www.maculart.com\/app\/uploads\/2023\/07\/Rectangle-14-1-300x255.jpg 300w\" sizes=\"(max-width: 707px) 100vw, 707px\" \/>\t\t\t\t\t\t\t\t\t\t\t\t\t\t\t<\/div>\n\t\t\t\t<\/div>\n\t\t\t\t<\/div>\n\t\t<div class=\"elementor-element elementor-element-813b16f e-con-full e-flex e-con e-parent\" data-id=\"813b16f\" data-element_type=\"container\" data-e-type=\"container\">\n\t\t\t\t<div class=\"elementor-element elementor-element-1169de8 line-height-2 number-list elementor-widget elementor-widget-text-editor\" data-id=\"1169de8\" data-element_type=\"widget\" data-e-type=\"widget\" data-widget_type=\"text-editor.default\">\n\t\t\t\t<div class=\"elementor-widget-container\">\n\t\t\t\t\t\t\t\t\t<p>A Grup Maculart, abans d&#8217;iniciar la producci\u00f3, tots els projectes aprovats passen primer pel nostre departament de disseny i preimpressi\u00f3. \u00c9s un pas fonamental per ajustar els originals al perfil de l&#8217;encuny, retocar l&#8217;arxiu si cal i proposar dissenys originals, alineats amb les necessitats del client i els requisits del sector farmac\u00e8utic.<\/p>\n<p>Per arribar a la confirmaci\u00f3 final, des del disseny i la preimpressi\u00f3 proposen al client un caixet\u00ed d&#8217;especificacions que inclou un 3D animat per poder apreciar el producte final amb tot detall. D&#8217;aquesta manera garantim la m\u00e0xima efici\u00e8ncia en la impressi\u00f3 i uns resultats que responen a les necessitats espec\u00edfiques de cada client.<\/p>\n\t\t\t\t\t\t\t\t<\/div>\n\t\t\t\t<\/div>\n\t\t\t\t<\/div>\n\t\t\t\t\t<\/div>\n\t\t\t\t<\/div>\n\t\t<div class=\"elementor-element elementor-element-3c0c4d8 e-flex e-con-boxed e-con e-parent\" data-id=\"3c0c4d8\" data-element_type=\"container\" data-e-type=\"container\">\n\t\t\t\t\t<div class=\"e-con-inner\">\n\t\t<div class=\"elementor-element elementor-element-8946154 e-con-full e-flex e-con e-parent\" data-id=\"8946154\" data-element_type=\"container\" data-e-type=\"container\" data-settings=\"{&quot;background_background&quot;:&quot;classic&quot;}\">\n\t\t\t\t<div class=\"elementor-element elementor-element-9e489a5 elementor-widget__width-inherit elementor-widget elementor-widget-heading\" data-id=\"9e489a5\" data-element_type=\"widget\" data-e-type=\"widget\" data-widget_type=\"heading.default\">\n\t\t\t\t<div class=\"elementor-widget-container\">\n\t\t\t\t\t<h2 class=\"elementor-heading-title elementor-size-default\">Contacta amb nosaltres\ni explica'ns el teu projecte<\/h2>\t\t\t\t<\/div>\n\t\t\t\t<\/div>\n\t\t\t\t<\/div>\n\t\t<div class=\"elementor-element elementor-element-aa3a817 e-flex e-con-boxed e-con e-parent\" data-id=\"aa3a817\" data-element_type=\"container\" data-e-type=\"container\" data-settings=\"{&quot;background_background&quot;:&quot;classic&quot;}\">\n\t\t\t\t\t<div class=\"e-con-inner\">\n\t\t\t\t<div class=\"elementor-element elementor-element-a96f833 button-container elementor-widget elementor-widget-button\" data-id=\"a96f833\" data-element_type=\"widget\" data-e-type=\"widget\" data-widget_type=\"button.default\">\n\t\t\t\t<div class=\"elementor-widget-container\">\n\t\t\t\t\t\t\t\t\t<div class=\"elementor-button-wrapper\">\n\t\t\t\t\t<a class=\"elementor-button elementor-button-link elementor-size-sm\" href=\"#\">\n\t\t\t\t\t\t<span class=\"elementor-button-content-wrapper\">\n\t\t\t\t\t\t\t\t\t<span class=\"elementor-button-text\">Contacta'ns<\/span>\n\t\t\t\t\t<\/span>\n\t\t\t\t\t<\/a>\n\t\t\t\t<\/div>\n\t\t\t\t\t\t\t\t<\/div>\n\t\t\t\t<\/div>\n\t\t\t\t\t<\/div>\n\t\t\t\t<\/div>\n\t\t\t\t\t<\/div>\n\t\t\t\t<\/div>\n\t\t\t\t<\/div>\n\t\t","protected":false},"excerpt":{"rendered":"<p>Packaging farmac\u00e8utic El sector de l&#8217;embalatge s&#8217;ha convertit en un element quotidi\u00e0 essencial. Ara l&#8217;embalatge forma part intr\u00ednseca de la imatge del producte i en Grup Maculart treballem perqu\u00e8 s&#8217;ajusti&#8230;<\/p>\n","protected":false},"author":1,"featured_media":0,"parent":0,"menu_order":0,"comment_status":"closed","ping_status":"closed","template":"","meta":{"_acf_changed":false,"inline_featured_image":false,"footnotes":""},"class_list":["post-2545","page","type-page","status-publish","hentry"],"acf":[],"yoast_head":"<!-- This site is optimized with the Yoast SEO plugin v27.4 - https:\/\/yoast.com\/product\/yoast-seo-wordpress\/ -->\n<title>Packaging - Maculart<\/title>\n<meta name=\"robots\" content=\"index, follow, max-snippet:-1, max-image-preview:large, max-video-preview:-1\" \/>\n<link rel=\"canonical\" href=\"https:\/\/www.maculart.com\/ca\/packaging\/\" \/>\n<meta property=\"og:locale\" content=\"ca_ES\" \/>\n<meta property=\"og:type\" content=\"article\" \/>\n<meta property=\"og:title\" content=\"Packaging - Maculart\" \/>\n<meta property=\"og:description\" content=\"Packaging farmac\u00e8utic El sector de l&#8217;embalatge s&#8217;ha convertit en un element quotidi\u00e0 essencial. Ara l&#8217;embalatge forma part intr\u00ednseca de la imatge del producte i en Grup Maculart treballem perqu\u00e8 s&#8217;ajusti...\" \/>\n<meta property=\"og:url\" content=\"https:\/\/www.maculart.com\/ca\/packaging\/\" \/>\n<meta property=\"og:site_name\" content=\"Maculart\" \/>\n<meta property=\"article:modified_time\" content=\"2023-10-10T12:30:18+00:00\" \/>\n<meta property=\"og:image\" content=\"https:\/\/www.maculart.com\/app\/uploads\/2023\/07\/Rectangle-4-2.jpg\" \/>\n<meta name=\"twitter:card\" content=\"summary_large_image\" \/>\n<meta name=\"twitter:label1\" content=\"Temps estimat de lectura\" \/>\n\t<meta name=\"twitter:data1\" content=\"2 minuts\" \/>\n<script type=\"application\/ld+json\" class=\"yoast-schema-graph\">{\"@context\":\"https:\\\/\\\/schema.org\",\"@graph\":[{\"@type\":\"WebPage\",\"@id\":\"https:\\\/\\\/www.maculart.com\\\/ca\\\/packaging\\\/\",\"url\":\"https:\\\/\\\/www.maculart.com\\\/ca\\\/packaging\\\/\",\"name\":\"Packaging - Maculart\",\"isPartOf\":{\"@id\":\"https:\\\/\\\/www.maculart.com\\\/ca\\\/#website\"},\"primaryImageOfPage\":{\"@id\":\"https:\\\/\\\/www.maculart.com\\\/ca\\\/packaging\\\/#primaryimage\"},\"image\":{\"@id\":\"https:\\\/\\\/www.maculart.com\\\/ca\\\/packaging\\\/#primaryimage\"},\"thumbnailUrl\":\"https:\\\/\\\/www.maculart.com\\\/app\\\/uploads\\\/2023\\\/07\\\/Rectangle-4-2.jpg\",\"datePublished\":\"2023-07-12T10:59:21+00:00\",\"dateModified\":\"2023-10-10T12:30:18+00:00\",\"inLanguage\":\"ca\",\"potentialAction\":[{\"@type\":\"ReadAction\",\"target\":[\"https:\\\/\\\/www.maculart.com\\\/ca\\\/packaging\\\/\"]}]},{\"@type\":\"ImageObject\",\"inLanguage\":\"ca\",\"@id\":\"https:\\\/\\\/www.maculart.com\\\/ca\\\/packaging\\\/#primaryimage\",\"url\":\"https:\\\/\\\/www.maculart.com\\\/app\\\/uploads\\\/2023\\\/07\\\/Rectangle-4-2.jpg\",\"contentUrl\":\"https:\\\/\\\/www.maculart.com\\\/app\\\/uploads\\\/2023\\\/07\\\/Rectangle-4-2.jpg\"},{\"@type\":\"WebSite\",\"@id\":\"https:\\\/\\\/www.maculart.com\\\/ca\\\/#website\",\"url\":\"https:\\\/\\\/www.maculart.com\\\/ca\\\/\",\"name\":\"Maculart\",\"description\":\"\",\"potentialAction\":[{\"@type\":\"SearchAction\",\"target\":{\"@type\":\"EntryPoint\",\"urlTemplate\":\"https:\\\/\\\/www.maculart.com\\\/ca\\\/?s={search_term_string}\"},\"query-input\":{\"@type\":\"PropertyValueSpecification\",\"valueRequired\":true,\"valueName\":\"search_term_string\"}}],\"inLanguage\":\"ca\"}]}<\/script>\n<!-- \/ Yoast SEO plugin. -->","yoast_head_json":{"title":"Packaging - Maculart","robots":{"index":"index","follow":"follow","max-snippet":"max-snippet:-1","max-image-preview":"max-image-preview:large","max-video-preview":"max-video-preview:-1"},"canonical":"https:\/\/www.maculart.com\/ca\/packaging\/","og_locale":"ca_ES","og_type":"article","og_title":"Packaging - Maculart","og_description":"Packaging farmac\u00e8utic El sector de l&#8217;embalatge s&#8217;ha convertit en un element quotidi\u00e0 essencial. Ara l&#8217;embalatge forma part intr\u00ednseca de la imatge del producte i en Grup Maculart treballem perqu\u00e8 s&#8217;ajusti...","og_url":"https:\/\/www.maculart.com\/ca\/packaging\/","og_site_name":"Maculart","article_modified_time":"2023-10-10T12:30:18+00:00","og_image":[{"url":"https:\/\/www.maculart.com\/app\/uploads\/2023\/07\/Rectangle-4-2.jpg","type":"","width":"","height":""}],"twitter_card":"summary_large_image","twitter_misc":{"Temps estimat de lectura":"2 minuts"},"schema":{"@context":"https:\/\/schema.org","@graph":[{"@type":"WebPage","@id":"https:\/\/www.maculart.com\/ca\/packaging\/","url":"https:\/\/www.maculart.com\/ca\/packaging\/","name":"Packaging - Maculart","isPartOf":{"@id":"https:\/\/www.maculart.com\/ca\/#website"},"primaryImageOfPage":{"@id":"https:\/\/www.maculart.com\/ca\/packaging\/#primaryimage"},"image":{"@id":"https:\/\/www.maculart.com\/ca\/packaging\/#primaryimage"},"thumbnailUrl":"https:\/\/www.maculart.com\/app\/uploads\/2023\/07\/Rectangle-4-2.jpg","datePublished":"2023-07-12T10:59:21+00:00","dateModified":"2023-10-10T12:30:18+00:00","inLanguage":"ca","potentialAction":[{"@type":"ReadAction","target":["https:\/\/www.maculart.com\/ca\/packaging\/"]}]},{"@type":"ImageObject","inLanguage":"ca","@id":"https:\/\/www.maculart.com\/ca\/packaging\/#primaryimage","url":"https:\/\/www.maculart.com\/app\/uploads\/2023\/07\/Rectangle-4-2.jpg","contentUrl":"https:\/\/www.maculart.com\/app\/uploads\/2023\/07\/Rectangle-4-2.jpg"},{"@type":"WebSite","@id":"https:\/\/www.maculart.com\/ca\/#website","url":"https:\/\/www.maculart.com\/ca\/","name":"Maculart","description":"","potentialAction":[{"@type":"SearchAction","target":{"@type":"EntryPoint","urlTemplate":"https:\/\/www.maculart.com\/ca\/?s={search_term_string}"},"query-input":{"@type":"PropertyValueSpecification","valueRequired":true,"valueName":"search_term_string"}}],"inLanguage":"ca"}]}},"_links":{"self":[{"href":"https:\/\/www.maculart.com\/ca\/wp-json\/wp\/v2\/pages\/2545","targetHints":{"allow":["GET"]}}],"collection":[{"href":"https:\/\/www.maculart.com\/ca\/wp-json\/wp\/v2\/pages"}],"about":[{"href":"https:\/\/www.maculart.com\/ca\/wp-json\/wp\/v2\/types\/page"}],"author":[{"embeddable":true,"href":"https:\/\/www.maculart.com\/ca\/wp-json\/wp\/v2\/users\/1"}],"replies":[{"embeddable":true,"href":"https:\/\/www.maculart.com\/ca\/wp-json\/wp\/v2\/comments?post=2545"}],"version-history":[{"count":2,"href":"https:\/\/www.maculart.com\/ca\/wp-json\/wp\/v2\/pages\/2545\/revisions"}],"predecessor-version":[{"id":2781,"href":"https:\/\/www.maculart.com\/ca\/wp-json\/wp\/v2\/pages\/2545\/revisions\/2781"}],"wp:attachment":[{"href":"https:\/\/www.maculart.com\/ca\/wp-json\/wp\/v2\/media?parent=2545"}],"curies":[{"name":"wp","href":"https:\/\/api.w.org\/{rel}","templated":true}]}}