{"id":3013,"date":"2024-01-24T11:53:41","date_gmt":"2024-01-24T10:53:41","guid":{"rendered":"https:\/\/www.maculart.com\/?page_id=3013"},"modified":"2024-02-06T14:32:29","modified_gmt":"2024-02-06T13:32:29","slug":"avis-legal","status":"publish","type":"page","link":"https:\/\/www.maculart.com\/ca\/avis-legal\/","title":{"rendered":"Av\u00eds legal"},"content":{"rendered":"\t\t<div data-elementor-type=\"wp-page\" data-elementor-id=\"3013\" class=\"elementor elementor-3013 elementor-3005\">\n\t\t\t\t<div class=\"elementor-element elementor-element-3f171735 e-flex e-con-boxed e-con e-parent\" data-id=\"3f171735\" data-element_type=\"container\" data-e-type=\"container\">\n\t\t\t\t\t<div class=\"e-con-inner\">\n\t\t\t\t<div class=\"elementor-element elementor-element-779c4fdd elementor-widget elementor-widget-text-editor\" data-id=\"779c4fdd\" data-element_type=\"widget\" data-e-type=\"widget\" data-widget_type=\"text-editor.default\">\n\t\t\t\t<div class=\"elementor-widget-container\">\n\t\t\t\t\t\t\t\t\t<h3><strong><b>DADES D&#8217;IDENTIFICACI\u00d3<\/b><\/strong><\/h3><p>Vost\u00e8 est\u00e0 visitant el lloc web sota el domini maculart.com \u00a0titularitat de MACULART.<\/p><ul><li>Ra\u00f3 Social: Gr\u00e1ficas Maculart, S.A. \u00a0(MACULART)<\/li><li>Domicili Social: C\/ De l\u00b4Or, 22 Pol. Ind. La Clota 08290 Cerdanyola del Vall\u00e8s<\/li><li>CIF: A 08786014<\/li><li>Tel\u00e8fon: 933 81 10 12<\/li><li>Correu electr\u00f2nic: <a href=\"mailto:info@maculart.com\">info@maculart.com<\/a><\/li><li>Dades mercantils: Sociedad limitada inscrita al Registro Mercantil de BARCELONA,<br \/>Volumen 5139, Libro445, Secci\u00f3n 2\u00aa, Folio 092, Hoja 62457, Inscripci\u00f3n 1\u00aa<\/li><\/ul><h3><strong><b>ACCEPTACI\u00d3 DE L&#8217;USUARI<\/b><\/strong><\/h3><p>Aquest Av\u00eds Legal regula l&#8217;acc\u00e9s i utilitzaci\u00f3 del lloc web sota el domini maculart.com (en endavant el &#8220;Lloc Web&#8221;) que MACULART posa a disposici\u00f3 dels usuaris d&#8217;Internet. S&#8217;ent\u00e9n per usuari la persona que accedeixi, navegui, utilitzi o participi en els serveis i activitats d&#8217;aquest lloc web.<\/p><p>Aquest lloc web compleix amb el que estableix la Ley 34\/2002, de 11 de juliol, de Servicios de la Sociedad de la Informaci\u00f3n y de Comercio Electr\u00f3nico i amb la legislaci\u00f3 vigent en mat\u00e8ria de protecci\u00f3 de dades personals<\/p><p>MACULART podr\u00e0 alterar en qualsevol moment i sense av\u00eds previ, el disseny, presentaci\u00f3 i \/ o configuraci\u00f3 del lloc web, aix\u00ed com alguns o tots els serveis, i afegir serveis nous.<\/p><p>La utilitzaci\u00f3 d&#8217;aquest lloc web implica la plena acceptaci\u00f3 de les disposicions incloses en aquest Av\u00eds Legal i Condicions Generals d&#8217;\u00das en la versi\u00f3 publicada per MACULART en el moment en qu\u00e8 l&#8217;Usuari accedeixi al Lloc Web.<\/p><p>La utilitzaci\u00f3 de certs serveis oferts als Usuaris a trav\u00e9s del Lloc Web pot trobar-se sotmesa a condicions particulars pr\u00f2pies que, segons els casos substitueixen, completen i\/o modifiquen les presents Condicions Generals d&#8217;\u00das. Per tant, amb anterioritat a la utilitzaci\u00f3 de aquests serveis, l&#8217;Usuari tamb\u00e9 ha de llegir atentament i acceptar les corresponents condicions particulars pr\u00f2pies.<\/p><h3><strong><b>CONDICIONS GENERALS D&#8217;\u00daS<\/b><\/strong><\/h3><p>L&#8217;acc\u00e9s a la p\u00e0gina web per part dels usuaris t\u00e9 car\u00e0cter lliure i gratu\u00eft, i queda expressament prohibit qualsevol \u00fas diferent a la finalitat d&#8217;aquest Lloc Web.<\/p><p>L&#8217;usuari es compromet a fer un \u00fas diligent del mateix i dels serveis accessibles des d&#8217;aquest lloc web, aix\u00ed com mantenir el degut respecte als altres usuaris.<\/p><p>Entre d&#8217;altres, aquest comprom\u00eds implica que:<\/p><ul><li>L&#8217;usuari es compromet a utilitzar el lloc web, els continguts i serveis amb total subjecci\u00f3 a la Llei, als bons costums i les presents condicions d&#8217;\u00fas i, si escau, les condicions particulars,<\/li><\/ul><p>De la mateixa manera l&#8217;Usuari s&#8217;obliga a no utilitzar el lloc web o els serveis que es prestin a trav\u00e9s d&#8217;ell amb fins o efectes il\u00b7l\u00edcits o contraris al contingut del present Av\u00eds Legal, lesius dels interessos o drets de tercers, o que de qualsevol forma pugui danyar, inutilitzar o deteriorar el lloc web o els seus serveis o impedir un normal gaudi del lloc web per altres Usuaris.<\/p><ul><li>L&#8217;usuari es compromet expressament a no destruir, alterar, inutilitzar o, de qualsevol altra forma, danyar les dades, programes o documents electr\u00f2nics i altres que es trobin en el lloc web.<\/li><li>L&#8217;usuari es compromet a no obstaculitzar l&#8217;acc\u00e9s d&#8217;altres usuaris al servei d&#8217;acc\u00e9s mitjan\u00e7ant el consum massiu dels recursos inform\u00e0tics a trav\u00e9s dels quals MACULART presta el servei, aix\u00ed com realitzar accions que danyin, interrompin o generin errors en aquests sistemes o serveis.<\/li><li>L&#8217;usuari es compromet a no introduir programes, virus, macros, applets, controls ActiveX o qualsevol altre dispositiu l\u00f2gic o seq\u00fc\u00e8ncia de car\u00e0cters que causin o siguin susceptibles de causar qualsevol tipus d&#8217;alteraci\u00f3 en els sistemes inform\u00e0tics de MACULART o de tercers.<\/li><li>L&#8217;usuari es compromet a no obtenir informacions, missatges, gr\u00e0fics, dibuixos, arxius de so i\/o imatge, fotografies, enregistraments, programari i en general, qualsevol classe de material accessible a trav\u00e9s del lloc web o dels serveis oferts en el mateix.<\/li><li>L&#8217;usuari es compromet a fer un \u00fas adequat dels continguts i serveis (com ara els comentaris, f\u00f2rums d&#8217;opini\u00f3 o p\u00e0gines obertes al lector) que MACULART ofereix al seu lloc web i a no emprar-los per inc\u00f3rrer en activitats il\u00b7l\u00edcites o contr\u00e0ries a la bona fe i a l&#8217;ordenament legal; difondre continguts o propaganda de car\u00e0cter racista, xen\u00f2fob, pornogr\u00e0fic-il\u00b7legal, d&#8217;apologia del terrorisme o que atempti contra els drets humans.<\/li><li>De conformitat amb la pol\u00edtica anti-spam de MACULART l&#8217;usuari s&#8217;obliga a abstenir d&#8217;utilitzar i recaptar dades a partir de llistes de distribuci\u00f3 a les quals es pugui accedir a trav\u00e9s de les informacions i serveis inclosos al lloc web per a la realitzaci\u00f3 d&#8217;activitats amb fins promocionals o publicitaris, aix\u00ed com de remetre comunicacions comercials de qualsevol classe i a trav\u00e9s de qualsevol suport no sol\u00b7licitats ni pr\u00e8viament consentits per MACULART i\/o els interessats.<\/li><\/ul><p>L&#8217;usuari que incompleixi intencional o culpablement qualsevol de les precedents obligacions i compromisos haur\u00e0 de respondre per tots els danys i perjudicis que causi.<\/p><h3><strong><b>LIMITACI\u00d3 DE GARANTIES I RESPONSABILITATS<\/b><\/strong><\/h3><p>MACULART es compromet a realitzar els seus millors esfor\u00e7os per evitar qualsevol error en els continguts que poguessin apar\u00e8ixer en el lloc web. En qualsevol cas, MACULART estar\u00e0 exempta de qualsevol responsabilitat pels danys i perjudicis de tota naturalesa que es puguin deure a la falta d&#8217;exactitud, exhaustivitat, actualitat, aix\u00ed com a errors o omissions dels quals poguessin existir en les informacions i serveis continguts de aquest Lloc Web o altres continguts als que es pugui accedir a trav\u00e9s del mateix, ni assumeix cap deure o comprom\u00eds de verificar ni de vigilar els seus continguts i informacions.<\/p><p>Aix\u00ed mateix, MACULART no garanteix la disponibilitat, continu\u00eftat ni la infal\u00b7libilitat del funcionament del Lloc Web, i en conseq\u00fc\u00e8ncia exclou, en la m\u00e0xima mesura permesa per la legislaci\u00f3 vigent, qualsevol responsabilitat pels danys i perjudicis de tota naturalesa que puguin deure\u2019s a la falta de disponibilitat o de continu\u00eftat del funcionament del lloc web i dels serveis habilitats en el mateix, aix\u00ed com als errors en l&#8217;acc\u00e9s a les diferents p\u00e0gines web o a aquelles des de les que, si escau, es prestin aquests serveis.<\/p><p>MACULART tampoc garanteix que el lloc web i el servidor estiguin lliures de virus i no es fa responsable dels possibles danys o perjudicis que es puguin derivar d&#8217;interfer\u00e8ncies, omissions, interrupcions, virus inform\u00e0tics, avaries telef\u00f2niques o desconnexions en el funcionament operatiu d&#8217;aquest sistema electr\u00f2nic, motivat per causes alienes a MACULART, de retards o bloquejos en l&#8217;\u00fas d&#8217;aquest sistema electr\u00f2nic causats per defici\u00e8ncies de l\u00ednies telef\u00f2niques o sobrec\u00e0rregues en el sistema d&#8217;Internet o en altres sistemes electr\u00f2nics, aix\u00ed com tamb\u00e9 de danys que puguin ser causats per terceres persones mitjan\u00e7ant intromissions il\u00b7leg\u00edtimes fora del control de MACULART.<\/p><h3><strong><b>PROPIETAT INTEL\u00b7LECTUAL I INDUSTRIAL.<\/b><\/strong><\/h3><p>Tots els drets de propietat industrial i intel\u00b7lectual d&#8217;aquest lloc web i dels seus continguts (textos, imatges, sons, \u00e0udio, v\u00eddeo, dissenys, creativitats, software) pertanyen, com a autor d&#8217;obra col\u00b7lectiva o com a cession\u00e0ria, a MACULART o, si \u00e9s el cas, a terceres persones.<\/p><p>Queden expressament prohibides la reproducci\u00f3, la distribuci\u00f3 i la comunicaci\u00f3 p\u00fablica, inclosa la seva modalitat de posada a disposici\u00f3, de la totalitat o part dels continguts d&#8217;aquesta p\u00e0gina web, amb qualsevol fi, en qualsevol suport i per qualsevol mitj\u00e0 t\u00e8cnic, sense l&#8217;autoritzaci\u00f3 de MACULART.<\/p><p>L&#8217;usuari es compromet a respectar els drets de propietat industrial i intel\u00b7lectual titularitat de MACULART i de tercers.<\/p><p>L&#8217;usuari pot visualitzar tots els elements, imprimir-los, copiar-los i emmagatzemar-los al disc dur del seu ordinador o en qualsevol altre suport f\u00edsic sempre que sigui, \u00fanica i exclusivament, per al seu \u00fas personal i privat, quedant, per tant, terminantment prohibida la seva utilitzaci\u00f3 amb altres fins, la seva distribuci\u00f3, aix\u00ed com la seva modificaci\u00f3, alteraci\u00f3 o descompilaci\u00f3.<\/p><p>MACULART proporciona l&#8217;acc\u00e9s a tot tipus d&#8217;informacions, serveis, programes o dades a Internet que poden pert\u00e0nyer a terceres persones, en aquest cas seran d&#8217;aplicaci\u00f3 els drets de propietat intel\u00b7lectual estipulats pels seus propietaris.<\/p><h3><strong><b>ENLLA\u00c7OS DE TERCERS<\/b><\/strong><\/h3><p>En el sup\u00f2sit que en el lloc web es disposessin enlla\u00e7os o hipervincles cap a altres llocs d&#8217;Internet, MACULART no exercir\u00e0 cap tipus de control sobre aquests llocs i continguts.<\/p><p>En cap cas MACULART assumir\u00e0 responsabilitat alguna pels continguts d&#8217;algun enlla\u00e7 pertanyent a un lloc web ali\u00e8, ni garantir\u00e0 la disponibilitat t\u00e8cnica, qualitat, fiabilitat, exactitud, amplitud, veracitat ni validesa de qualsevol material o informaci\u00f3 continguda en cap de els hipervincles o altres llocs d&#8217;Internet.<\/p><p>Aquests enlla\u00e7os es proporcionen \u00fanicament per informar a l&#8217;usuari sobre l&#8217;exist\u00e8ncia d&#8217;altres fonts d&#8217;informaci\u00f3 sobre un tema concret, i la inclusi\u00f3 d&#8217;un enlla\u00e7 no implica l&#8217;aprovaci\u00f3 de la p\u00e0gina web enlla\u00e7ada per part de MACULART.<\/p><p>MACULART tan sols autoritza mencions als seus continguts en altres seus web, amb el tractament que aquestes considerin sempre que sigui respectu\u00f3s, compleixi la legislaci\u00f3 vigent i en cap cas reprodueixin, sense la deguda autoritzaci\u00f3, els continguts de MACULART.<\/p><h3><strong><b>PROTECCI\u00d3 DE DADES PERSONALS<\/b><\/strong><\/h3><p>MACULART adopta les mesures t\u00e8cniques i organitzatives necess\u00e0ries per garantir la protecci\u00f3 de les dades de car\u00e0cter personal i evitar la seva alteraci\u00f3, p\u00e8rdua, tractament i\/o acc\u00e9s no autoritzat, at\u00e8s l&#8217;estat actual de la tecnologia, la naturalesa de les dades emmagatzemades i els riscos a qu\u00e8 estan exposats. Tot aix\u00f2, d&#8217;acord amb el que estableix la legislaci\u00f3 vigent en mat\u00e8ria de protecci\u00f3 de dades de car\u00e0cter personal.<\/p><p>L&#8217;usuari podr\u00e0 proporcionar a MACULART les seves dades de car\u00e0cter personal a trav\u00e9s dels diferents formularis que a aquest efecte apareixen al lloc web. Aquests formularis incorporen un enlla\u00e7 a la <strong><u>Pol\u00edtica de Privacitat<\/u><\/strong>.<\/p><p>De la mateixa manera, MACULART podr\u00e0 obtenir dades de car\u00e0cter personal originats per la seva navegaci\u00f3 i\/o \u00fas d&#8217;aquest lloc web, d&#8217;acord amb la nostra pol\u00edtica de privacitat.<\/p><p>Preguem llegeixi atentament la nostra <strong><u>Pol\u00edtica de Privacitat<\/u><\/strong>\u00a0abans de facilitar les seves dades de car\u00e0cter personal.<\/p><h3><strong><b>\u00daS DE COOKIES<\/b><\/strong><\/h3><p>Aquest lloc web, igual que la majoria dels llocs web a Internet, fa servir cookies per millorar l&#8217;experi\u00e8ncia de l&#8217;usuari. A la nostra <strong><u>Pol\u00edtica de Cookies<\/u><\/strong>\u00a0trobareu informaci\u00f3 sobre qu\u00e8 s\u00f3n les cookies, quin tipus de cookies utilitza aquest lloc web, com pot desactivar les cookies en el seu navegador i com desactivar espec\u00edficament la instal\u00b7laci\u00f3 de cookies de tercers.<\/p><p>Preguem llegeixi atentament la nostra <strong><u>Pol\u00edtica de Cookies<\/u><\/strong>\u00a0abans de continuar navegant al nostre lloc web.<\/p><h3><strong><b>MODIFICACI\u00d3 DE LES CONDICIONS DE L&#8217;AV\u00cdS LEGAL<\/b><\/strong><\/h3><p>MACULART es reserva expressament el dret a modificar el present av\u00eds legal sense notificaci\u00f3 pr\u00e8via. En conseq\u00fc\u00e8ncia, l&#8217;Usuari ha de llegir atentament el present Av\u00eds Legal en cadascuna de les ocasions en qu\u00e8 es procedeixi a utilitzar el lloc web, ja que aquest Av\u00eds Legal pot sofrir modificacions.<\/p><p>L&#8217;usuari reconeix i accepta que \u00e9s la seva responsabilitat revisar el lloc web i el present Av\u00eds Legal.<\/p><h3><strong><b>LLEI I JURISDICCI\u00d3<\/b><\/strong><\/h3><p>Totes les q\u00fcestions que se suscitin entre MACULART i l&#8217;usuari relatives a la interpretaci\u00f3, compliment i validesa del present Av\u00eds Legal es regiran per les seves pr\u00f2pies cl\u00e0usules i, en el que en elles no estigu\u00e9s previst, d&#8217;acord amb la legislaci\u00f3 espanyola, sotmetent-se expressament les parts a la jurisdicci\u00f3 dels jutjats i tribunals del domicili de MACULART.<\/p>\t\t\t\t\t\t\t\t<\/div>\n\t\t\t\t<\/div>\n\t\t\t\t\t<\/div>\n\t\t\t\t<\/div>\n\t\t\t\t<\/div>\n\t\t","protected":false},"excerpt":{"rendered":"<p>DADES D&#8217;IDENTIFICACI\u00d3 Vost\u00e8 est\u00e0 visitant el lloc web sota el domini maculart.com \u00a0titularitat de MACULART. Ra\u00f3 Social: Gr\u00e1ficas Maculart, S.A. \u00a0(MACULART) Domicili Social: C\/ De l\u00b4Or, 22 Pol. Ind. La&#8230;<\/p>\n","protected":false},"author":1,"featured_media":0,"parent":0,"menu_order":0,"comment_status":"closed","ping_status":"closed","template":"","meta":{"_acf_changed":false,"inline_featured_image":false,"footnotes":""},"class_list":["post-3013","page","type-page","status-publish","hentry"],"acf":[],"yoast_head":"<!-- This site is optimized with the Yoast SEO plugin v27.4 - https:\/\/yoast.com\/product\/yoast-seo-wordpress\/ -->\n<title>Av\u00eds legal - Maculart<\/title>\n<meta name=\"robots\" content=\"index, follow, max-snippet:-1, max-image-preview:large, max-video-preview:-1\" \/>\n<link rel=\"canonical\" href=\"https:\/\/www.maculart.com\/ca\/avis-legal\/\" \/>\n<meta property=\"og:locale\" content=\"ca_ES\" \/>\n<meta property=\"og:type\" content=\"article\" \/>\n<meta property=\"og:title\" content=\"Av\u00eds legal - Maculart\" \/>\n<meta property=\"og:description\" content=\"DADES D&#8217;IDENTIFICACI\u00d3 Vost\u00e8 est\u00e0 visitant el lloc web sota el domini maculart.com \u00a0titularitat de MACULART. Ra\u00f3 Social: Gr\u00e1ficas Maculart, S.A. \u00a0(MACULART) Domicili Social: C\/ De l\u00b4Or, 22 Pol. Ind. La...\" \/>\n<meta property=\"og:url\" content=\"https:\/\/www.maculart.com\/ca\/avis-legal\/\" \/>\n<meta property=\"og:site_name\" content=\"Maculart\" \/>\n<meta property=\"article:modified_time\" content=\"2024-02-06T13:32:29+00:00\" \/>\n<meta name=\"twitter:card\" content=\"summary_large_image\" \/>\n<meta name=\"twitter:label1\" content=\"Temps estimat de lectura\" \/>\n\t<meta name=\"twitter:data1\" content=\"10 minuts\" \/>\n<script type=\"application\/ld+json\" class=\"yoast-schema-graph\">{\"@context\":\"https:\\\/\\\/schema.org\",\"@graph\":[{\"@type\":\"WebPage\",\"@id\":\"https:\\\/\\\/www.maculart.com\\\/ca\\\/avis-legal\\\/\",\"url\":\"https:\\\/\\\/www.maculart.com\\\/ca\\\/avis-legal\\\/\",\"name\":\"Av\u00eds legal - Maculart\",\"isPartOf\":{\"@id\":\"https:\\\/\\\/www.maculart.com\\\/ca\\\/#website\"},\"datePublished\":\"2024-01-24T10:53:41+00:00\",\"dateModified\":\"2024-02-06T13:32:29+00:00\",\"inLanguage\":\"ca\",\"potentialAction\":[{\"@type\":\"ReadAction\",\"target\":[\"https:\\\/\\\/www.maculart.com\\\/ca\\\/avis-legal\\\/\"]}]},{\"@type\":\"WebSite\",\"@id\":\"https:\\\/\\\/www.maculart.com\\\/ca\\\/#website\",\"url\":\"https:\\\/\\\/www.maculart.com\\\/ca\\\/\",\"name\":\"Maculart\",\"description\":\"\",\"potentialAction\":[{\"@type\":\"SearchAction\",\"target\":{\"@type\":\"EntryPoint\",\"urlTemplate\":\"https:\\\/\\\/www.maculart.com\\\/ca\\\/?s={search_term_string}\"},\"query-input\":{\"@type\":\"PropertyValueSpecification\",\"valueRequired\":true,\"valueName\":\"search_term_string\"}}],\"inLanguage\":\"ca\"}]}<\/script>\n<!-- \/ Yoast SEO plugin. -->","yoast_head_json":{"title":"Av\u00eds legal - Maculart","robots":{"index":"index","follow":"follow","max-snippet":"max-snippet:-1","max-image-preview":"max-image-preview:large","max-video-preview":"max-video-preview:-1"},"canonical":"https:\/\/www.maculart.com\/ca\/avis-legal\/","og_locale":"ca_ES","og_type":"article","og_title":"Av\u00eds legal - Maculart","og_description":"DADES D&#8217;IDENTIFICACI\u00d3 Vost\u00e8 est\u00e0 visitant el lloc web sota el domini maculart.com \u00a0titularitat de MACULART. Ra\u00f3 Social: Gr\u00e1ficas Maculart, S.A. \u00a0(MACULART) Domicili Social: C\/ De l\u00b4Or, 22 Pol. Ind. La...","og_url":"https:\/\/www.maculart.com\/ca\/avis-legal\/","og_site_name":"Maculart","article_modified_time":"2024-02-06T13:32:29+00:00","twitter_card":"summary_large_image","twitter_misc":{"Temps estimat de lectura":"10 minuts"},"schema":{"@context":"https:\/\/schema.org","@graph":[{"@type":"WebPage","@id":"https:\/\/www.maculart.com\/ca\/avis-legal\/","url":"https:\/\/www.maculart.com\/ca\/avis-legal\/","name":"Av\u00eds legal - Maculart","isPartOf":{"@id":"https:\/\/www.maculart.com\/ca\/#website"},"datePublished":"2024-01-24T10:53:41+00:00","dateModified":"2024-02-06T13:32:29+00:00","inLanguage":"ca","potentialAction":[{"@type":"ReadAction","target":["https:\/\/www.maculart.com\/ca\/avis-legal\/"]}]},{"@type":"WebSite","@id":"https:\/\/www.maculart.com\/ca\/#website","url":"https:\/\/www.maculart.com\/ca\/","name":"Maculart","description":"","potentialAction":[{"@type":"SearchAction","target":{"@type":"EntryPoint","urlTemplate":"https:\/\/www.maculart.com\/ca\/?s={search_term_string}"},"query-input":{"@type":"PropertyValueSpecification","valueRequired":true,"valueName":"search_term_string"}}],"inLanguage":"ca"}]}},"_links":{"self":[{"href":"https:\/\/www.maculart.com\/ca\/wp-json\/wp\/v2\/pages\/3013","targetHints":{"allow":["GET"]}}],"collection":[{"href":"https:\/\/www.maculart.com\/ca\/wp-json\/wp\/v2\/pages"}],"about":[{"href":"https:\/\/www.maculart.com\/ca\/wp-json\/wp\/v2\/types\/page"}],"author":[{"embeddable":true,"href":"https:\/\/www.maculart.com\/ca\/wp-json\/wp\/v2\/users\/1"}],"replies":[{"embeddable":true,"href":"https:\/\/www.maculart.com\/ca\/wp-json\/wp\/v2\/comments?post=3013"}],"version-history":[{"count":10,"href":"https:\/\/www.maculart.com\/ca\/wp-json\/wp\/v2\/pages\/3013\/revisions"}],"predecessor-version":[{"id":3049,"href":"https:\/\/www.maculart.com\/ca\/wp-json\/wp\/v2\/pages\/3013\/revisions\/3049"}],"wp:attachment":[{"href":"https:\/\/www.maculart.com\/ca\/wp-json\/wp\/v2\/media?parent=3013"}],"curies":[{"name":"wp","href":"https:\/\/api.w.org\/{rel}","templated":true}]}}