{"id":178,"date":"2023-07-12T12:08:30","date_gmt":"2023-07-12T10:08:30","guid":{"rendered":"https:\/\/www.maculart.com\/?page_id=178"},"modified":"2023-09-26T10:40:07","modified_gmt":"2023-09-26T08:40:07","slug":"grup-maculart-mision-vision-y-valores","status":"publish","type":"page","link":"https:\/\/www.maculart.com\/es\/grup-maculart-mision-vision-y-valores\/","title":{"rendered":"Misi\u00f3n, Visi\u00f3n y Valores"},"content":{"rendered":"\t\t<div data-elementor-type=\"wp-page\" data-elementor-id=\"178\" class=\"elementor elementor-178\">\n\t\t\t\t<div class=\"elementor-element elementor-element-9895c4a e-flex e-con-boxed e-con e-parent\" data-id=\"9895c4a\" data-element_type=\"container\" data-e-type=\"container\">\n\t\t\t\t\t<div class=\"e-con-inner\">\n\t\t<div class=\"elementor-element elementor-element-da34b37 e-con-full e-flex e-con e-parent\" data-id=\"da34b37\" data-element_type=\"container\" data-e-type=\"container\">\n\t\t\t\t<div class=\"elementor-element elementor-element-68b8287 elementor-widget elementor-widget-heading\" data-id=\"68b8287\" data-element_type=\"widget\" data-e-type=\"widget\" data-widget_type=\"heading.default\">\n\t\t\t\t<div class=\"elementor-widget-container\">\n\t\t\t\t\t<h4 class=\"elementor-heading-title elementor-size-default\">misi\u00f3n<\/h4>\t\t\t\t<\/div>\n\t\t\t\t<\/div>\n\t\t\t\t<div class=\"elementor-element elementor-element-0d31394 elementor-widget elementor-widget-heading\" data-id=\"0d31394\" data-element_type=\"widget\" data-e-type=\"widget\" data-widget_type=\"heading.default\">\n\t\t\t\t<div class=\"elementor-widget-container\">\n\t\t\t\t\t<h2 class=\"elementor-heading-title elementor-size-default\">Al lado de nuestros\nclientes<\/h2>\t\t\t\t<\/div>\n\t\t\t\t<\/div>\n\t\t\t\t<div class=\"elementor-element elementor-element-df25a4f line-height-2 elementor-widget elementor-widget-text-editor\" data-id=\"df25a4f\" data-element_type=\"widget\" data-e-type=\"widget\" data-widget_type=\"text-editor.default\">\n\t\t\t\t<div class=\"elementor-widget-container\">\n\t\t\t\t\t\t\t\t\t<p>Desde nuestros inicios hace m\u00e1s de 50 a\u00f1os, en <strong>Grup Maculart<\/strong> trabajamos para estar al lado de nuestros clientes y sus necesidades. Nuestra misi\u00f3n es adaptarnos a los requisitos de la <strong>industria farmac\u00e9utica<\/strong>, tanto en la producci\u00f3n de <strong>prospectos y estuches<\/strong>, como en los nuevos retos de sostenibilidad y reciclaje que plantea el sector.<br \/>Lo hacemos a partir de una relaci\u00f3n muy cercana y de confianza con nuestros clientes. Gracias a la implicaci\u00f3n de todo nuestro equipo, podemos ofrecer un <strong>servicio muy \u00e1gil<\/strong> para dar respuesta a las necesidades cambiantes de un sector tan exigente como el farmac\u00e9utico sin comprometer nunca la calidad.<\/p>\t\t\t\t\t\t\t\t<\/div>\n\t\t\t\t<\/div>\n\t\t\t\t<\/div>\n\t\t<div class=\"elementor-element elementor-element-948e3da e-con-full e-flex e-con e-parent\" data-id=\"948e3da\" data-element_type=\"container\" data-e-type=\"container\">\n\t\t\t\t<div class=\"elementor-element elementor-element-7b7acdf elementor-widget elementor-widget-image\" data-id=\"7b7acdf\" data-element_type=\"widget\" data-e-type=\"widget\" data-widget_type=\"image.default\">\n\t\t\t\t<div class=\"elementor-widget-container\">\n\t\t\t\t\t\t\t\t\t\t\t\t\t\t\t<img fetchpriority=\"high\" decoding=\"async\" width=\"900\" height=\"600\" src=\"https:\/\/www.maculart.com\/app\/uploads\/2023\/09\/misionvisionvalor.jpg\" class=\"attachment-large size-large wp-image-2034\" alt=\"\" srcset=\"https:\/\/www.maculart.com\/app\/uploads\/2023\/09\/misionvisionvalor.jpg 900w, https:\/\/www.maculart.com\/app\/uploads\/2023\/09\/misionvisionvalor-300x200.jpg 300w, https:\/\/www.maculart.com\/app\/uploads\/2023\/09\/misionvisionvalor-768x512.jpg 768w\" sizes=\"(max-width: 900px) 100vw, 900px\" \/>\t\t\t\t\t\t\t\t\t\t\t\t\t\t\t<\/div>\n\t\t\t\t<\/div>\n\t\t\t\t<\/div>\n\t\t\t\t\t<\/div>\n\t\t\t\t<\/div>\n\t\t<div class=\"elementor-element elementor-element-d74be2b e-flex e-con-boxed e-con e-parent\" data-id=\"d74be2b\" data-element_type=\"container\" data-e-type=\"container\">\n\t\t\t\t\t<div class=\"e-con-inner\">\n\t\t<div class=\"elementor-element elementor-element-859e9fc e-con-full e-flex e-con e-parent\" data-id=\"859e9fc\" data-element_type=\"container\" data-e-type=\"container\">\n\t\t\t\t<div class=\"elementor-element elementor-element-5687dd8 elementor-widget elementor-widget-image\" data-id=\"5687dd8\" data-element_type=\"widget\" data-e-type=\"widget\" data-widget_type=\"image.default\">\n\t\t\t\t<div class=\"elementor-widget-container\">\n\t\t\t\t\t\t\t\t\t\t\t\t\t\t\t<img decoding=\"async\" width=\"709\" height=\"600\" src=\"https:\/\/www.maculart.com\/app\/uploads\/2023\/07\/Rectangle-11.jpg\" class=\"attachment-large size-large wp-image-194\" alt=\"\" srcset=\"https:\/\/www.maculart.com\/app\/uploads\/2023\/07\/Rectangle-11.jpg 709w, https:\/\/www.maculart.com\/app\/uploads\/2023\/07\/Rectangle-11-300x254.jpg 300w\" sizes=\"(max-width: 709px) 100vw, 709px\" \/>\t\t\t\t\t\t\t\t\t\t\t\t\t\t\t<\/div>\n\t\t\t\t<\/div>\n\t\t\t\t<\/div>\n\t\t<div class=\"elementor-element elementor-element-a3cae52 e-con-full e-flex e-con e-parent\" data-id=\"a3cae52\" data-element_type=\"container\" data-e-type=\"container\">\n\t\t\t\t<div class=\"elementor-element elementor-element-ce10857 elementor-widget elementor-widget-heading\" data-id=\"ce10857\" data-element_type=\"widget\" data-e-type=\"widget\" data-widget_type=\"heading.default\">\n\t\t\t\t<div class=\"elementor-widget-container\">\n\t\t\t\t\t<h4 class=\"elementor-heading-title elementor-size-default\">VISI\u00d3N\u200b<\/h4>\t\t\t\t<\/div>\n\t\t\t\t<\/div>\n\t\t\t\t<div class=\"elementor-element elementor-element-0c2072c elementor-widget elementor-widget-heading\" data-id=\"0c2072c\" data-element_type=\"widget\" data-e-type=\"widget\" data-widget_type=\"heading.default\">\n\t\t\t\t<div class=\"elementor-widget-container\">\n\t\t\t\t\t<h2 class=\"elementor-heading-title elementor-size-default\">50 a\u00f1os \ncreciendo juntos\u200b<\/h2>\t\t\t\t<\/div>\n\t\t\t\t<\/div>\n\t\t\t\t<div class=\"elementor-element elementor-element-6e386f5 line-height-2 elementor-widget elementor-widget-text-editor\" data-id=\"6e386f5\" data-element_type=\"widget\" data-e-type=\"widget\" data-widget_type=\"text-editor.default\">\n\t\t\t\t<div class=\"elementor-widget-container\">\n\t\t\t\t\t\t\t\t\t<p>En Grup Maculart nos inspiran nuestros <strong>clientes<\/strong>. Siguiendo la visi\u00f3n de nuestro fundador Jos\u00e9 Maj\u00f3s, trabajamos para hacer realidad los proyectos que ellos imaginan. Siempre en constante evoluci\u00f3n y al d\u00eda de las \u00faltimas tendencias del sector de las <strong>artes gr\u00e1ficas<\/strong>, seguimos explorando nuevos campos de la mano de nuestros expertos para que, cuando tengas una visi\u00f3n, podamos ofrecerte la mejor soluci\u00f3n para llevarla a cabo.<\/p><p>De esta manera, a lo largo de los a\u00f1os, hemos ido ampliando nuestros servicios. A los servicios iniciales de <strong>impresi\u00f3n de prospectos farmac\u00e9uticos y producci\u00f3n de estuches farmac\u00e9uticos<\/strong>, incorporamos tambi\u00e9n <strong>soluciones de PLV<\/strong> para seguir aportando valor a nuestros clientes y brindarles un servicio global con propuestas innovadoras y creativas alineadas con los requerimientos del sector farmac\u00e9utico.<\/p>\t\t\t\t\t\t\t\t<\/div>\n\t\t\t\t<\/div>\n\t\t\t\t<\/div>\n\t\t\t\t\t<\/div>\n\t\t\t\t<\/div>\n\t\t<div class=\"elementor-element elementor-element-fe22043 e-flex e-con-boxed e-con e-parent\" data-id=\"fe22043\" data-element_type=\"container\" data-e-type=\"container\">\n\t\t\t\t\t<div class=\"e-con-inner\">\n\t\t<div class=\"elementor-element elementor-element-2dc5b99 e-con-full e-flex e-con e-parent\" data-id=\"2dc5b99\" data-element_type=\"container\" data-e-type=\"container\">\n\t\t\t\t<div class=\"elementor-element elementor-element-1dd74b9 elementor-widget elementor-widget-heading\" data-id=\"1dd74b9\" data-element_type=\"widget\" data-e-type=\"widget\" data-widget_type=\"heading.default\">\n\t\t\t\t<div class=\"elementor-widget-container\">\n\t\t\t\t\t<h4 class=\"elementor-heading-title elementor-size-default\">VALORES<\/h4>\t\t\t\t<\/div>\n\t\t\t\t<\/div>\n\t\t\t\t<div class=\"elementor-element elementor-element-c68465e elementor-widget elementor-widget-heading\" data-id=\"c68465e\" data-element_type=\"widget\" data-e-type=\"widget\" data-widget_type=\"heading.default\">\n\t\t\t\t<div class=\"elementor-widget-container\">\n\t\t\t\t\t<h2 class=\"elementor-heading-title elementor-size-default\">En busca de la excelencia en la impresi\u00f3n\u200b<\/h2>\t\t\t\t<\/div>\n\t\t\t\t<\/div>\n\t\t\t\t<div class=\"elementor-element elementor-element-4c0fe52 line-height-2 elementor-widget elementor-widget-text-editor\" data-id=\"4c0fe52\" data-element_type=\"widget\" data-e-type=\"widget\" data-widget_type=\"text-editor.default\">\n\t\t\t\t<div class=\"elementor-widget-container\">\n\t\t\t\t\t\t\t\t\t<p>Y de la eficiencia. En Grup Maculart sabemos que imprimir no es una tarea solamente manual. Al contrario, es un proceso donde la intervenci\u00f3n humana se une a la tecnolog\u00eda m\u00e1s puntera para conseguir resultados de la <strong>m\u00e1xima calidad<\/strong> sin dejar de lado la <strong>eficiencia<\/strong>.<\/p><p>Cada prospecto que sale de nuestra planta comunica mucho m\u00e1s que la informaci\u00f3n que lleva impresa; transmite calidad y <strong>cuidado por cada detalle<\/strong>. Por su parte, cada estuche farmac\u00e9utico que producimos lleva consigo toda nuestra <strong>experiencia y exigencia<\/strong> porque lo que contiene es tan importante para nosotros como para nuestros clientes.<\/p><p>Estos son los <strong>valores<\/strong> que mueven a Grup Maculart, junto al <strong>trabajo en equipo<\/strong>, porque sabemos que cada miembro que participa en el desarrollo de un proyecto, desde el comercial hasta el oficial de troquelado, es fundamental para perseguir nuestra misi\u00f3n de estar al lado de nuestros clientes y adaptarnos a sus necesidades.<\/p>\t\t\t\t\t\t\t\t<\/div>\n\t\t\t\t<\/div>\n\t\t\t\t<\/div>\n\t\t<div class=\"elementor-element elementor-element-2c49f54 e-con-full e-flex e-con e-parent\" data-id=\"2c49f54\" data-element_type=\"container\" data-e-type=\"container\">\n\t\t\t\t<div class=\"elementor-element elementor-element-3eff226 elementor-widget elementor-widget-image\" data-id=\"3eff226\" data-element_type=\"widget\" data-e-type=\"widget\" data-widget_type=\"image.default\">\n\t\t\t\t<div class=\"elementor-widget-container\">\n\t\t\t\t\t\t\t\t\t\t\t\t\t\t\t<img decoding=\"async\" width=\"712\" height=\"600\" src=\"https:\/\/www.maculart.com\/app\/uploads\/2023\/07\/Rectangle-12.jpg\" class=\"attachment-large size-large wp-image-196\" alt=\"\" srcset=\"https:\/\/www.maculart.com\/app\/uploads\/2023\/07\/Rectangle-12.jpg 712w, https:\/\/www.maculart.com\/app\/uploads\/2023\/07\/Rectangle-12-300x253.jpg 300w\" sizes=\"(max-width: 712px) 100vw, 712px\" \/>\t\t\t\t\t\t\t\t\t\t\t\t\t\t\t<\/div>\n\t\t\t\t<\/div>\n\t\t\t\t<\/div>\n\t\t\t\t\t<\/div>\n\t\t\t\t<\/div>\n\t\t\t\t<\/div>\n\t\t","protected":false},"excerpt":{"rendered":"<p>misi\u00f3n Al lado de nuestros clientes Desde nuestros inicios hace m\u00e1s de 50 a\u00f1os, en Grup Maculart trabajamos para estar al lado de nuestros clientes y sus necesidades. Nuestra misi\u00f3n&#8230;<\/p>\n","protected":false},"author":1,"featured_media":0,"parent":0,"menu_order":0,"comment_status":"closed","ping_status":"closed","template":"","meta":{"_acf_changed":false,"inline_featured_image":false,"footnotes":""},"class_list":["post-178","page","type-page","status-publish","hentry"],"acf":[],"yoast_head":"<!-- This site is optimized with the Yoast SEO plugin v27.4 - https:\/\/yoast.com\/product\/yoast-seo-wordpress\/ -->\n<title>Misi\u00f3n, Visi\u00f3n y Valores - Maculart<\/title>\n<meta name=\"robots\" content=\"index, follow, max-snippet:-1, max-image-preview:large, max-video-preview:-1\" \/>\n<link rel=\"canonical\" href=\"https:\/\/www.maculart.com\/es\/grup-maculart-mision-vision-y-valores\/\" \/>\n<meta property=\"og:locale\" content=\"es_ES\" \/>\n<meta property=\"og:type\" content=\"article\" \/>\n<meta property=\"og:title\" content=\"Misi\u00f3n, Visi\u00f3n y Valores - Maculart\" \/>\n<meta property=\"og:description\" content=\"misi\u00f3n Al lado de nuestros clientes Desde nuestros inicios hace m\u00e1s de 50 a\u00f1os, en Grup Maculart trabajamos para estar al lado de nuestros clientes y sus necesidades. Nuestra misi\u00f3n...\" \/>\n<meta property=\"og:url\" content=\"https:\/\/www.maculart.com\/es\/grup-maculart-mision-vision-y-valores\/\" \/>\n<meta property=\"og:site_name\" content=\"Maculart\" \/>\n<meta property=\"article:modified_time\" content=\"2023-09-26T08:40:07+00:00\" \/>\n<meta property=\"og:image\" content=\"https:\/\/www.maculart.com\/app\/uploads\/2023\/09\/misionvisionvalor.jpg\" \/>\n<meta name=\"twitter:card\" content=\"summary_large_image\" \/>\n<meta name=\"twitter:label1\" content=\"Tiempo de lectura\" \/>\n\t<meta name=\"twitter:data1\" content=\"3 minutos\" \/>\n<script type=\"application\/ld+json\" class=\"yoast-schema-graph\">{\"@context\":\"https:\\\/\\\/schema.org\",\"@graph\":[{\"@type\":\"WebPage\",\"@id\":\"https:\\\/\\\/www.maculart.com\\\/es\\\/grup-maculart-mision-vision-y-valores\\\/\",\"url\":\"https:\\\/\\\/www.maculart.com\\\/es\\\/grup-maculart-mision-vision-y-valores\\\/\",\"name\":\"Misi\u00f3n, Visi\u00f3n y Valores - Maculart\",\"isPartOf\":{\"@id\":\"https:\\\/\\\/www.maculart.com\\\/es\\\/#website\"},\"primaryImageOfPage\":{\"@id\":\"https:\\\/\\\/www.maculart.com\\\/es\\\/grup-maculart-mision-vision-y-valores\\\/#primaryimage\"},\"image\":{\"@id\":\"https:\\\/\\\/www.maculart.com\\\/es\\\/grup-maculart-mision-vision-y-valores\\\/#primaryimage\"},\"thumbnailUrl\":\"https:\\\/\\\/www.maculart.com\\\/app\\\/uploads\\\/2023\\\/09\\\/misionvisionvalor.jpg\",\"datePublished\":\"2023-07-12T10:08:30+00:00\",\"dateModified\":\"2023-09-26T08:40:07+00:00\",\"inLanguage\":\"es\",\"potentialAction\":[{\"@type\":\"ReadAction\",\"target\":[\"https:\\\/\\\/www.maculart.com\\\/es\\\/grup-maculart-mision-vision-y-valores\\\/\"]}]},{\"@type\":\"ImageObject\",\"inLanguage\":\"es\",\"@id\":\"https:\\\/\\\/www.maculart.com\\\/es\\\/grup-maculart-mision-vision-y-valores\\\/#primaryimage\",\"url\":\"https:\\\/\\\/www.maculart.com\\\/app\\\/uploads\\\/2023\\\/09\\\/misionvisionvalor.jpg\",\"contentUrl\":\"https:\\\/\\\/www.maculart.com\\\/app\\\/uploads\\\/2023\\\/09\\\/misionvisionvalor.jpg\"},{\"@type\":\"WebSite\",\"@id\":\"https:\\\/\\\/www.maculart.com\\\/es\\\/#website\",\"url\":\"https:\\\/\\\/www.maculart.com\\\/es\\\/\",\"name\":\"Maculart\",\"description\":\"\",\"potentialAction\":[{\"@type\":\"SearchAction\",\"target\":{\"@type\":\"EntryPoint\",\"urlTemplate\":\"https:\\\/\\\/www.maculart.com\\\/es\\\/?s={search_term_string}\"},\"query-input\":{\"@type\":\"PropertyValueSpecification\",\"valueRequired\":true,\"valueName\":\"search_term_string\"}}],\"inLanguage\":\"es\"}]}<\/script>\n<!-- \/ Yoast SEO plugin. -->","yoast_head_json":{"title":"Misi\u00f3n, Visi\u00f3n y Valores - Maculart","robots":{"index":"index","follow":"follow","max-snippet":"max-snippet:-1","max-image-preview":"max-image-preview:large","max-video-preview":"max-video-preview:-1"},"canonical":"https:\/\/www.maculart.com\/es\/grup-maculart-mision-vision-y-valores\/","og_locale":"es_ES","og_type":"article","og_title":"Misi\u00f3n, Visi\u00f3n y Valores - Maculart","og_description":"misi\u00f3n Al lado de nuestros clientes Desde nuestros inicios hace m\u00e1s de 50 a\u00f1os, en Grup Maculart trabajamos para estar al lado de nuestros clientes y sus necesidades. Nuestra misi\u00f3n...","og_url":"https:\/\/www.maculart.com\/es\/grup-maculart-mision-vision-y-valores\/","og_site_name":"Maculart","article_modified_time":"2023-09-26T08:40:07+00:00","og_image":[{"url":"https:\/\/www.maculart.com\/app\/uploads\/2023\/09\/misionvisionvalor.jpg","type":"","width":"","height":""}],"twitter_card":"summary_large_image","twitter_misc":{"Tiempo de lectura":"3 minutos"},"schema":{"@context":"https:\/\/schema.org","@graph":[{"@type":"WebPage","@id":"https:\/\/www.maculart.com\/es\/grup-maculart-mision-vision-y-valores\/","url":"https:\/\/www.maculart.com\/es\/grup-maculart-mision-vision-y-valores\/","name":"Misi\u00f3n, Visi\u00f3n y Valores - Maculart","isPartOf":{"@id":"https:\/\/www.maculart.com\/es\/#website"},"primaryImageOfPage":{"@id":"https:\/\/www.maculart.com\/es\/grup-maculart-mision-vision-y-valores\/#primaryimage"},"image":{"@id":"https:\/\/www.maculart.com\/es\/grup-maculart-mision-vision-y-valores\/#primaryimage"},"thumbnailUrl":"https:\/\/www.maculart.com\/app\/uploads\/2023\/09\/misionvisionvalor.jpg","datePublished":"2023-07-12T10:08:30+00:00","dateModified":"2023-09-26T08:40:07+00:00","inLanguage":"es","potentialAction":[{"@type":"ReadAction","target":["https:\/\/www.maculart.com\/es\/grup-maculart-mision-vision-y-valores\/"]}]},{"@type":"ImageObject","inLanguage":"es","@id":"https:\/\/www.maculart.com\/es\/grup-maculart-mision-vision-y-valores\/#primaryimage","url":"https:\/\/www.maculart.com\/app\/uploads\/2023\/09\/misionvisionvalor.jpg","contentUrl":"https:\/\/www.maculart.com\/app\/uploads\/2023\/09\/misionvisionvalor.jpg"},{"@type":"WebSite","@id":"https:\/\/www.maculart.com\/es\/#website","url":"https:\/\/www.maculart.com\/es\/","name":"Maculart","description":"","potentialAction":[{"@type":"SearchAction","target":{"@type":"EntryPoint","urlTemplate":"https:\/\/www.maculart.com\/es\/?s={search_term_string}"},"query-input":{"@type":"PropertyValueSpecification","valueRequired":true,"valueName":"search_term_string"}}],"inLanguage":"es"}]}},"_links":{"self":[{"href":"https:\/\/www.maculart.com\/es\/wp-json\/wp\/v2\/pages\/178","targetHints":{"allow":["GET"]}}],"collection":[{"href":"https:\/\/www.maculart.com\/es\/wp-json\/wp\/v2\/pages"}],"about":[{"href":"https:\/\/www.maculart.com\/es\/wp-json\/wp\/v2\/types\/page"}],"author":[{"embeddable":true,"href":"https:\/\/www.maculart.com\/es\/wp-json\/wp\/v2\/users\/1"}],"replies":[{"embeddable":true,"href":"https:\/\/www.maculart.com\/es\/wp-json\/wp\/v2\/comments?post=178"}],"version-history":[{"count":143,"href":"https:\/\/www.maculart.com\/es\/wp-json\/wp\/v2\/pages\/178\/revisions"}],"predecessor-version":[{"id":2037,"href":"https:\/\/www.maculart.com\/es\/wp-json\/wp\/v2\/pages\/178\/revisions\/2037"}],"wp:attachment":[{"href":"https:\/\/www.maculart.com\/es\/wp-json\/wp\/v2\/media?parent=178"}],"curies":[{"name":"wp","href":"https:\/\/api.w.org\/{rel}","templated":true}]}}