{"id":3,"date":"2023-07-11T11:16:25","date_gmt":"2023-07-11T09:16:25","guid":{"rendered":"https:\/\/www.maculart.com\/?page_id=3"},"modified":"2024-02-13T15:59:19","modified_gmt":"2024-02-13T14:59:19","slug":"politica-privacidad","status":"publish","type":"page","link":"https:\/\/www.maculart.com\/es\/politica-privacidad\/","title":{"rendered":"Pol\u00edtica de privacidad"},"content":{"rendered":"\t\t<div data-elementor-type=\"wp-page\" data-elementor-id=\"3\" class=\"elementor elementor-3\">\n\t\t\t\t<div class=\"elementor-element elementor-element-41a9b853 e-flex e-con-boxed e-con e-parent\" data-id=\"41a9b853\" data-element_type=\"container\" data-e-type=\"container\">\n\t\t\t\t\t<div class=\"e-con-inner\">\n\t\t\t\t<div class=\"elementor-element elementor-element-80dd939 elementor-widget elementor-widget-text-editor\" data-id=\"80dd939\" data-element_type=\"widget\" data-e-type=\"widget\" data-widget_type=\"text-editor.default\">\n\t\t\t\t<div class=\"elementor-widget-container\">\n\t\t\t\t\t\t\t\t\t<p><\/p>\n<p>La confidencialidad y la seguridad son valores primordiales de\u00a0Gr\u00e1ficas Maculart, S.A. \u00a0(MACULART) y, en consecuencia, asumimos el compromiso de garantizar la privacidad de los datos personales de nuestros clientes en todo momento y de no recabar informaci\u00f3n innecesaria.<\/p>\n<p>A continuaci\u00f3n, le proporcionamos toda la informaci\u00f3n necesaria sobre nuestra Pol\u00edtica de Privacidad en relaci\u00f3n con los datos personales que recabamos, explic\u00e1ndoles:<\/p>\n<ul>\n<li>Qui\u00e9n es el responsable del tratamiento de sus datos.<\/li>\n<li>Para qu\u00e9 fines pedimos los datos que le pedimos.<\/li>\n<li>Cu\u00e1l es la legitimaci\u00f3n para su tratamiento.<\/li>\n<li>Durante cu\u00e1nto tiempo los conservamos.<\/li>\n<li>A qu\u00e9 destinatarios se comunican sus datos.<\/li>\n<li>Cu\u00e1les son sus derechos.<\/li>\n<\/ul>\n<h3><strong>\u00bfQui\u00e9n es el responsable del tratamiento de los datos personales?<\/strong><\/h3>\n<p><strong><b>Raz\u00f3n social:<\/b><\/strong>\u00a0Gr\u00e1ficas Maculart, S.A. \u00a0(MACULART)<\/p>\n<p><strong><b>NIF:<\/b><\/strong>\u00a0A 08786014<\/p>\n<p><strong><b>Direcci\u00f3n:<\/b><\/strong>\u00a0c\/ De l\u00b4Or, 22 Pol. Ind. La Clota 08290 Cerdanyola del Vall\u00e8s<\/p>\n<p><strong><b>Contacto:<\/b><\/strong>\u00a0<a href=\"mailto:info@maculart.com\">info@maculart.com<\/a><\/p>\n<p>\u00a0<\/p>\n<h3><strong>\u00bfQui\u00e9nes son los colectivos de interesados?<\/strong><\/h3>\n<p>Los datos de car\u00e1cter personal tratados son aquel\u00a0es de:<\/p>\n<ul>\n<li>Personas de que nos han proporcionado sus datos\u00a0en los diferentes formularios de la web\u00a0para\u00a0realizar consultas u\u00a0obtener informaci\u00f3n sobre nuestros servicios\u00a0y\u00a0actividades.<\/li>\n<li>Personas que se quieren enviar sus candidaturas a procesos de selecci\u00f3n de personal.<\/li>\n<\/ul>\n<h3><strong>\u00bfCon qu\u00e9 fines y legitimaci\u00f3n utilizamos los datos personales?<\/strong><\/h3>\n<p>En\u00a0MACULART\u00a0tratamos los datos personales para\u00a0responder a las demandas de informaci\u00f3n\u00a0o responder a tus\u00a0solicitudes.<\/p>\n<p>Estos datos de car\u00e1cter personal ser\u00e1n tratados para las finalidades\u00a0leg\u00edtimas\u00a0que se indican a continuaci\u00f3n.<\/p>\n<ul>\n<li><strong>Respuesta a solicitudes de informaci\u00f3n o de contacto<\/strong><\/li>\n<\/ul>\n<p>En MACULART\u00a0utilizaremos los datos\u00a0de contacto proporcionados\u00a0para responder a sus solicitudes y consultas respecto a nuestros productos y\u00a0servicios,\u00a0ya sean\u00a0realizadas mediante el formulario\u00a0disponible en la web o dirigidas a las direcciones de correo electr\u00f3nico de contacto que hay publicadas.<\/p>\n<p><strong><b>Legitimaci\u00f3n:<\/b><\/strong><\/p>\n<ul>\n<li>Inter\u00e9s leg\u00edtimo de\u00a0MACULART\u00a0para este tratamiento de datos\u00a0teniendo en cuenta las expectativas razonables de los interesados\u00a0en\u00a0recibir una respuesta a\u00a0sus\u00a0peticiones.<\/li>\n<li>Consentimiento dado libremente por el interesado quien env\u00eda sus datos mediante el formulario proporcionado espec\u00edficamente para este prop\u00f3sito.<\/li>\n<\/ul>\n<ul>\n<li><strong>Procesar candidaturas a procesos de selecci\u00f3n abiertos\u00a0<\/strong><strong>\/* SI FORMULARIO DE TRABAJA CON NOSOTROS O DIRECCI\u00d3N DE CORREO PARA CANDIDATURAS *\/<\/strong><\/li>\n<\/ul>\n<p>Se\u00a0tratar\u00e1n\u00a0los datos personales\u00a0de las personas que quieren presentar su candidatura a los procesos de selecci\u00f3n abiertos para MACULART\u00a0con el fin de validar las candidaturas a las posiciones a las que aplican.<\/p>\n<p><strong><b>Legitimaci\u00f3n:<\/b><\/strong><\/p>\n<ul>\n<li>Inter\u00e9s leg\u00edtimo de\u00a0MACULART\u00a0para gestionar las candidaturas a los procesos de selecci\u00f3n abiertos\u00a0y\u00a0teniendo en cuenta las expectativas razonables de los interesados en\u00a0participar en estos\u00a0procesos.<\/li>\n<li>Tratamiento necesario para la ejecuci\u00f3n de un contrato en el que el interesado es parte o para la aplicaci\u00f3n a petici\u00f3n de \u00e9ste de medidas\u00a0precontractuales.<\/li>\n<li>Consentimiento expresado por los interesados al proporcionar sus datos mediante el formulario espec\u00edfico para este fin.<\/li>\n<\/ul>\n<p>Adem\u00e1s de lo anterior,\u00a0MACULART\u00a0podr\u00e1 llevar a cabo otros tratamientos de los datos personales. En este caso el interesado recibir\u00e1 la informaci\u00f3n necesaria en relaci\u00f3n a estos tratamientos y\u00a0MACULART\u00a0solicitar\u00e1 su consentimiento si as\u00ed resulta necesario.<\/p>\n<h3><strong>\u00bfDurante cu\u00e1nto tiempo conservar\u00e1\u00a0MACULART\u00a0los datos?<\/strong><\/h3>\n<p>En\u00a0general,\u00a0los datos\u00a0se conservar\u00e1n durante el tiempo que\u00a0sea\u00a0necesario para cumplir con la finalidad para la que se pidieron y\u00a0para\u00a0determinar las posibles responsabilidades que se puedan derivar de esta finalidad y del tratamiento de los datos.<\/p>\n<p>Entre otros, implica que\u00a0MACULART\u00a0conservar\u00e1 los datos personales de los interesados por el tiempo que dure la\u00a0vinculaci\u00f3n\u00a0con nosotros\u00a0y,\u00a0en su caso,\u00a0durante el per\u00edodo que resulte necesario para la formulaci\u00f3n, el ejercicio o la defensa de potenciales\u00a0reclamaciones,\u00a0o\u00a0para cumplir con\u00a0las\u00a0obligaciones legales\u00a0que determine\u00a0la legislaci\u00f3n aplicable.<\/p>\n<p>En el caso de los datos de los candidatos que nos env\u00edan sus candidaturas a procesos de selecci\u00f3n, sus datos se mantendr\u00e1n un m\u00e1ximo de 1 a\u00f1o si no han sido admitidos en ning\u00fan proceso de selecci\u00f3n durante este periodo o el interesado no haya dado su consentimiento para su conservaci\u00f3n por un per\u00edodo m\u00e1s prolongado.<\/p>\n<p>Una vez finalizado dicho plazo,\u00a0MACULART\u00a0se compromete a cesar el tratamiento de todos los datos personales,\u00a0destruirlos,\u00a0bloquearlos\u00a0o\u00a0anonimizarlos\u00a0en la medida de lo posible para la finalidad para la que se conservaran.<\/p>\n<p>\u00a0<\/p>\n<h3><strong>\u00bfA qui\u00e9n se comunicar\u00e1n los datos?<\/strong><\/h3>\n<p>Los datos personales no se ceder\u00e1n\u00a0a terceros, a menos que sea necesario\u00a0para dar respuesta a la solicitud,\u00a0estemos\u00a0obligados\u00a0por una ley o\u00a0el interesado nos haya\u00a0dado su consentimiento.<\/p>\n<p>Tambi\u00e9n puede que comunicamos los datos empresas que nos prestan servicios relacionados con la actividad ordinaria y administrativa de la empresa en calidad de encargados de tratamiento, nacionales o internacionales, en el marco de la prestaci\u00f3n de servicios tales como, entre otros, proveedores de servicios de correo electr\u00f3nico, alojamiento de servicios web, alojamiento de servidores, servicios de aplicaciones de gesti\u00f3n en modalidad SaaS, archivo de ficheros en la nube y otros.<\/p>\n<p>La prestaci\u00f3n de estos servicios puede implicar el tratamiento de los datos personales por parte de empresas ubicadas en pa\u00edses fuera del Espacio Econ\u00f3mico Europeo (transferencias internacionales de\u00a0datos).\u00a0Sin embargo, s\u00f3lo se realizar\u00e1 con\u00a0pa\u00edses\u00a0que ofrecen un nivel adecuado de protecci\u00f3n o, en el caso de entidades en los\u00a0EE.UU.,\u00a0que est\u00e9n\u00a0acreditadas\u00a0en el marco del Escudo de Privacidad UE-EEUU.\u00a0Decisi\u00f3n (UE) 2016\/1250 de la Comisi\u00f3n, de 12 de julio de 2016 y que hayan puesto a nuestra disposici\u00f3n Cl\u00e1usulas Contractuales Tipo (Standard Contractual Clauses \u2013 SCC) de acuerdo con la decisi\u00f3n de la Comisi\u00f3n Europea para transferencias de datos desde responsables en la UE a encargados establecidos fuera de la UE.<\/p>\n<p>\u00a0<\/p>\n<h3><strong>\u00bfCu\u00e1les son los derechos de los interesados cuando nos facilitan sus datos?<\/strong><\/h3>\n<p>En cualquier momento el interesado puede ejercer sus derechos de acceso, rectificaci\u00f3n, supresi\u00f3n y portabilidad de los datos personales\u00a0tratados por MACULART,\u00a0as\u00ed como los de oposici\u00f3n y limitaci\u00f3n de\u00a0su\u00a0tratamiento.<\/p>\n<p>Estos derechos podr\u00e1n ser ejercido\u00a0gratuitamente\u00a0por el interesado, y en su caso por quien lo represente, mediante solicitud escrita y firmada, acompa\u00f1ada de copia de su DNI o documento equivalente que acredite su identidad, dirigida a<\/p>\n<ul>\n<li>Por correo electr\u00f3nico:\u00a0<a href=\"mailto:info@maculart.com\">info@maculart.com<\/a><\/li>\n<li>Por correo postal:\u00a0c\/ De l\u00b4Or, 22 Pol. Ind. La Clota 08290 Cerdanyola del Vall\u00e8s<\/li>\n<\/ul>\n<p>En el caso de representaci\u00f3n,\u00a0se\u00a0deber\u00e1 probar mediante documento escrito y adjuntando copia del DNI o documento equivalente que acredite su\u00a0representaci\u00f3n.<\/p>\n<p>Adem\u00e1s de los anteriores derechos, el interesado tendr\u00e1 derecho a\u00a0<strong><b>retirar el consentimiento otorgado<\/b><\/strong>\u00a0en cualquier momento mediante el procedimiento antes descrito, sin que esta retirada de consentimiento afecte la licitud del tratamiento anterior a la retirada del mismo.\u00a0MACULART\u00a0podr\u00e1 continuar tratando los datos personales del interesado en la medida que la ley aplicable lo permita o persista cualquier otra legitimaci\u00f3n que lo justifique.<\/p>\n<p>MACULART\u00a0recuerda al interesado que tiene derecho a presentar una reclamaci\u00f3n ante la autoridad de control pertinente (Agencia Espa\u00f1ola de Protecci\u00f3n de Datos).<\/p>\n<p>\u00a0<\/p>\n<h3><strong>Actualizaci\u00f3n de sus datos<\/strong><\/h3>\n<p>Es importante que\u00a0para que\u00a0podamos mantener sus datos personales actualizados, nos informe siempre que haya habido alguna modificaci\u00f3n en ellos. De lo contrario, no respondemos de la veracidad de\u00a0los\u00a0mismos y las implicaciones que pueda tener en su tratamiento.<\/p>\n<p>\u00a0<\/p>\n<h3><strong>Seguridad en el tratamiento\u00a0y custodia de datos<\/strong><\/h3>\n<p><strong><b>MACULART<\/b><\/strong>\u00a0declara que ha aplicado las medidas t\u00e9cnicas y organizativas apropiadas para garantizar y poder demostrar que el tratamiento es conforme con la legislaci\u00f3n vigente y que se garantiza la protecci\u00f3n de los derechos de los interesados.<\/p>\n<p>Para\u00a0ello ha\u00a0implantado\u00a0un Sistema de Gesti\u00f3n de la Protecci\u00f3n de Datos Personales para determinar\u00a0y aplicar\u00a0los medios t\u00e9cnicos y organizativos a su alcance para evitar la p\u00e9rdida, mal uso, alteraci\u00f3n, acceso no autorizado y robo de los datos facilitados por los usuarios, sin perjuicio de informar que las medidas de seguridad en Internet no son inexpugnables.<\/p>\n<p>\u00a0<\/p>\n<h3><strong>Uso de cookies<\/strong><\/h3>\n<p>Este sitio web, al igual que la mayor\u00eda de los sitios web en Internet, usa cookies para mejorar la experiencia del usuario. En nuestra <strong><u>Pol\u00edtica de Cookies<\/u><\/strong>\u00a0encontrar\u00e1 informaci\u00f3n sobre qu\u00e9 son las cookies, qu\u00e9 tipo de cookies utiliza este portal, c\u00f3mo puede desactivar las cookies en su navegador y c\u00f3mo desactivar espec\u00edficamente la instalaci\u00f3n de cookies de terceros.<\/p>\n<p>Rogamos lea atentamente nuestra <strong><u>Pol\u00edtica de Cookies<\/u><\/strong>\u00a0antes de continuar navegando en nuestro sitio web.<\/p>\n<p>\u00a0<\/p>\n<h3><strong>Modificaci\u00f3n de la Pol\u00edtica de Privacidad<\/strong><\/h3>\n<p>MACULART\u00a0puede modificar su Pol\u00edtica de Privacidad de acuerdo con la legislaci\u00f3n aplicable en cada momento.\u00a0En todo caso, cualquier modificaci\u00f3n de la Pol\u00edtica de Privacidad le ser\u00e1 debidamente notificada para que quede informado de los cambios realizados en el tratamiento de sus datos\u00a0personales y, en caso de que la normativa aplicable as\u00ed lo exija, el interesado pueda\u00a0confirmar\u00a0su\u00a0consentimiento.<\/p>\n<p><\/p>\t\t\t\t\t\t\t\t<\/div>\n\t\t\t\t<\/div>\n\t\t\t\t\t<\/div>\n\t\t\t\t<\/div>\n\t\t\t\t<\/div>\n\t\t","protected":false},"excerpt":{"rendered":"<p>La confidencialidad y la seguridad son valores primordiales de\u00a0Gr\u00e1ficas Maculart, S.A. \u00a0(MACULART) y, en consecuencia, asumimos el compromiso de garantizar la privacidad de los datos personales de nuestros clientes en&#8230;<\/p>\n","protected":false},"author":1,"featured_media":0,"parent":0,"menu_order":0,"comment_status":"closed","ping_status":"closed","template":"","meta":{"_acf_changed":false,"inline_featured_image":false,"footnotes":""},"class_list":["post-3","page","type-page","status-publish","hentry"],"acf":[],"yoast_head":"<!-- This site is optimized with the Yoast SEO plugin v27.4 - https:\/\/yoast.com\/product\/yoast-seo-wordpress\/ -->\n<title>Pol\u00edtica de privacidad - Maculart<\/title>\n<meta name=\"robots\" content=\"index, follow, max-snippet:-1, max-image-preview:large, max-video-preview:-1\" \/>\n<link rel=\"canonical\" href=\"https:\/\/www.maculart.com\/es\/politica-privacidad\/\" \/>\n<meta property=\"og:locale\" content=\"es_ES\" \/>\n<meta property=\"og:type\" content=\"article\" \/>\n<meta property=\"og:title\" content=\"Pol\u00edtica de privacidad - Maculart\" \/>\n<meta property=\"og:description\" content=\"La confidencialidad y la seguridad son valores primordiales de\u00a0Gr\u00e1ficas Maculart, S.A. \u00a0(MACULART) y, en consecuencia, asumimos el compromiso de garantizar la privacidad de los datos personales de nuestros clientes en...\" \/>\n<meta property=\"og:url\" content=\"https:\/\/www.maculart.com\/es\/politica-privacidad\/\" \/>\n<meta property=\"og:site_name\" content=\"Maculart\" \/>\n<meta property=\"article:modified_time\" content=\"2024-02-13T14:59:19+00:00\" \/>\n<meta name=\"twitter:card\" content=\"summary_large_image\" \/>\n<meta name=\"twitter:label1\" content=\"Tiempo de lectura\" \/>\n\t<meta name=\"twitter:data1\" content=\"7 minutos\" \/>\n<script type=\"application\/ld+json\" class=\"yoast-schema-graph\">{\"@context\":\"https:\\\/\\\/schema.org\",\"@graph\":[{\"@type\":\"WebPage\",\"@id\":\"https:\\\/\\\/www.maculart.com\\\/es\\\/politica-privacidad\\\/\",\"url\":\"https:\\\/\\\/www.maculart.com\\\/es\\\/politica-privacidad\\\/\",\"name\":\"Pol\u00edtica de privacidad - Maculart\",\"isPartOf\":{\"@id\":\"https:\\\/\\\/www.maculart.com\\\/es\\\/#website\"},\"datePublished\":\"2023-07-11T09:16:25+00:00\",\"dateModified\":\"2024-02-13T14:59:19+00:00\",\"inLanguage\":\"es\",\"potentialAction\":[{\"@type\":\"ReadAction\",\"target\":[\"https:\\\/\\\/www.maculart.com\\\/es\\\/politica-privacidad\\\/\"]}]},{\"@type\":\"WebSite\",\"@id\":\"https:\\\/\\\/www.maculart.com\\\/es\\\/#website\",\"url\":\"https:\\\/\\\/www.maculart.com\\\/es\\\/\",\"name\":\"Maculart\",\"description\":\"\",\"potentialAction\":[{\"@type\":\"SearchAction\",\"target\":{\"@type\":\"EntryPoint\",\"urlTemplate\":\"https:\\\/\\\/www.maculart.com\\\/es\\\/?s={search_term_string}\"},\"query-input\":{\"@type\":\"PropertyValueSpecification\",\"valueRequired\":true,\"valueName\":\"search_term_string\"}}],\"inLanguage\":\"es\"}]}<\/script>\n<!-- \/ Yoast SEO plugin. -->","yoast_head_json":{"title":"Pol\u00edtica de privacidad - Maculart","robots":{"index":"index","follow":"follow","max-snippet":"max-snippet:-1","max-image-preview":"max-image-preview:large","max-video-preview":"max-video-preview:-1"},"canonical":"https:\/\/www.maculart.com\/es\/politica-privacidad\/","og_locale":"es_ES","og_type":"article","og_title":"Pol\u00edtica de privacidad - Maculart","og_description":"La confidencialidad y la seguridad son valores primordiales de\u00a0Gr\u00e1ficas Maculart, S.A. \u00a0(MACULART) y, en consecuencia, asumimos el compromiso de garantizar la privacidad de los datos personales de nuestros clientes en...","og_url":"https:\/\/www.maculart.com\/es\/politica-privacidad\/","og_site_name":"Maculart","article_modified_time":"2024-02-13T14:59:19+00:00","twitter_card":"summary_large_image","twitter_misc":{"Tiempo de lectura":"7 minutos"},"schema":{"@context":"https:\/\/schema.org","@graph":[{"@type":"WebPage","@id":"https:\/\/www.maculart.com\/es\/politica-privacidad\/","url":"https:\/\/www.maculart.com\/es\/politica-privacidad\/","name":"Pol\u00edtica de privacidad - Maculart","isPartOf":{"@id":"https:\/\/www.maculart.com\/es\/#website"},"datePublished":"2023-07-11T09:16:25+00:00","dateModified":"2024-02-13T14:59:19+00:00","inLanguage":"es","potentialAction":[{"@type":"ReadAction","target":["https:\/\/www.maculart.com\/es\/politica-privacidad\/"]}]},{"@type":"WebSite","@id":"https:\/\/www.maculart.com\/es\/#website","url":"https:\/\/www.maculart.com\/es\/","name":"Maculart","description":"","potentialAction":[{"@type":"SearchAction","target":{"@type":"EntryPoint","urlTemplate":"https:\/\/www.maculart.com\/es\/?s={search_term_string}"},"query-input":{"@type":"PropertyValueSpecification","valueRequired":true,"valueName":"search_term_string"}}],"inLanguage":"es"}]}},"_links":{"self":[{"href":"https:\/\/www.maculart.com\/es\/wp-json\/wp\/v2\/pages\/3","targetHints":{"allow":["GET"]}}],"collection":[{"href":"https:\/\/www.maculart.com\/es\/wp-json\/wp\/v2\/pages"}],"about":[{"href":"https:\/\/www.maculart.com\/es\/wp-json\/wp\/v2\/types\/page"}],"author":[{"embeddable":true,"href":"https:\/\/www.maculart.com\/es\/wp-json\/wp\/v2\/users\/1"}],"replies":[{"embeddable":true,"href":"https:\/\/www.maculart.com\/es\/wp-json\/wp\/v2\/comments?post=3"}],"version-history":[{"count":5,"href":"https:\/\/www.maculart.com\/es\/wp-json\/wp\/v2\/pages\/3\/revisions"}],"predecessor-version":[{"id":3106,"href":"https:\/\/www.maculart.com\/es\/wp-json\/wp\/v2\/pages\/3\/revisions\/3106"}],"wp:attachment":[{"href":"https:\/\/www.maculart.com\/es\/wp-json\/wp\/v2\/media?parent=3"}],"curies":[{"name":"wp","href":"https:\/\/api.w.org\/{rel}","templated":true}]}}