{"id":93,"date":"2023-07-12T10:09:04","date_gmt":"2023-07-12T08:09:04","guid":{"rendered":"https:\/\/www.maculart.com\/?page_id=93"},"modified":"2023-10-09T09:55:52","modified_gmt":"2023-10-09T07:55:52","slug":"compromisos","status":"publish","type":"page","link":"https:\/\/www.maculart.com\/es\/compromisos\/","title":{"rendered":"Compromisos"},"content":{"rendered":"\t\t<div data-elementor-type=\"wp-page\" data-elementor-id=\"93\" class=\"elementor elementor-93\">\n\t\t\t\t<div class=\"elementor-element elementor-element-1b702df e-flex e-con-boxed e-con e-parent\" data-id=\"1b702df\" data-element_type=\"container\" data-e-type=\"container\" id=\"compromiso-social\">\n\t\t\t\t\t<div class=\"e-con-inner\">\n\t\t<div class=\"elementor-element elementor-element-bd0a063 e-con-full e-flex e-con e-child\" data-id=\"bd0a063\" data-element_type=\"container\" data-e-type=\"container\">\n\t\t\t\t<div class=\"elementor-element elementor-element-19f3484 elementor-widget elementor-widget-image\" data-id=\"19f3484\" data-element_type=\"widget\" data-e-type=\"widget\" data-widget_type=\"image.default\">\n\t\t\t\t<div class=\"elementor-widget-container\">\n\t\t\t\t\t\t\t\t\t\t\t\t\t\t\t<img fetchpriority=\"high\" decoding=\"async\" width=\"900\" height=\"712\" src=\"https:\/\/www.maculart.com\/app\/uploads\/2023\/10\/compromiso-social.jpg\" class=\"attachment-large size-large wp-image-2204\" alt=\"\" srcset=\"https:\/\/www.maculart.com\/app\/uploads\/2023\/10\/compromiso-social.jpg 900w, https:\/\/www.maculart.com\/app\/uploads\/2023\/10\/compromiso-social-300x237.jpg 300w, https:\/\/www.maculart.com\/app\/uploads\/2023\/10\/compromiso-social-768x608.jpg 768w\" sizes=\"(max-width: 900px) 100vw, 900px\" \/>\t\t\t\t\t\t\t\t\t\t\t\t\t\t\t<\/div>\n\t\t\t\t<\/div>\n\t\t\t\t<\/div>\n\t\t<div class=\"elementor-element elementor-element-afa941d e-con-full e-flex e-con e-child\" data-id=\"afa941d\" data-element_type=\"container\" data-e-type=\"container\">\n\t\t\t\t<div class=\"elementor-element elementor-element-4114eb3 elementor-widget elementor-widget-heading\" data-id=\"4114eb3\" data-element_type=\"widget\" data-e-type=\"widget\" data-widget_type=\"heading.default\">\n\t\t\t\t<div class=\"elementor-widget-container\">\n\t\t\t\t\t<h2 class=\"elementor-heading-title elementor-size-default\">Compromiso Social <\/h2>\t\t\t\t<\/div>\n\t\t\t\t<\/div>\n\t\t\t\t<div class=\"elementor-element elementor-element-ad55280 line-height-2 number-list elementor-widget elementor-widget-text-editor\" data-id=\"ad55280\" data-element_type=\"widget\" data-e-type=\"widget\" data-widget_type=\"text-editor.default\">\n\t\t\t\t<div class=\"elementor-widget-container\">\n\t\t\t\t\t\t\t\t\t<p>Grup Maculart trasladamos nuestra sede y planta de producci\u00f3n a Cerdanyola del Vall\u00e8s en 2006 con un firme objetivo de crecimiento, tanto a nivel de producci\u00f3n como de nuestra estructura empresarial. Entre 2012 y 2015 experimentamos a\u00f1os de gran desarrollo y adquirimos nuevas naves hasta alcanzar los 3.000 m2 de instalaciones y una plantilla de 50 empleados, siendo la mitad de ellos vecinos del Vall\u00e8s.<\/p><p>Estamos orgullosos de que nuestro crecimiento contribuya al <strong>progreso del tejido empresarial y social de esta zona de la provincia de Barcelona.<\/strong> Potenciar la empleabilidad local ha sido una de nuestras prioridades desde nuestros inicios porque creemos en potenciar de forma activa aquellas zonas en las que operamos.<\/p>\t\t\t\t\t\t\t\t<\/div>\n\t\t\t\t<\/div>\n\t\t\t\t<\/div>\n\t\t\t\t\t<\/div>\n\t\t\t\t<\/div>\n\t\t<div class=\"elementor-element elementor-element-c56d638 e-flex e-con-boxed e-con e-parent\" data-id=\"c56d638\" data-element_type=\"container\" data-e-type=\"container\">\n\t\t\t\t\t<div class=\"e-con-inner\">\n\t\t<div class=\"elementor-element elementor-element-f0e0c57 e-con-full e-flex e-con e-child\" data-id=\"f0e0c57\" data-element_type=\"container\" data-e-type=\"container\">\n\t\t\t\t<div class=\"elementor-element elementor-element-3d5638b line-height-2 elementor-widget elementor-widget-text-editor\" data-id=\"3d5638b\" data-element_type=\"widget\" data-e-type=\"widget\" data-widget_type=\"text-editor.default\">\n\t\t\t\t<div class=\"elementor-widget-container\">\n\t\t\t\t\t\t\t\t\t<p>Es solo un ejemplo del compromiso social de Grup Maculart. Nuestra apuesta por la innovaci\u00f3n y la excelencia tambi\u00e9n contribuyen a posicionar Cerdanyola del Vall\u00e8s como un importante polo industrial, lo que ha merecido el reconocimiento de las autoridades locales.<\/p><p>Adem\u00e1s, colaboramos con distintas organizaciones sociales, como, por ejemplo, <strong>M\u00e9dicos sin Fronteras<\/strong> y el <strong>Tel\u00e9fono de la Esperanza<\/strong>, como parte de nuestra pol\u00edtica de Responsabilidad Social Corporativa. Porque creemos en aportar valor a la sociedad y contribuir a un mundo m\u00e1s \u00e9tico y socialmente responsable.<\/p>\t\t\t\t\t\t\t\t<\/div>\n\t\t\t\t<\/div>\n\t\t\t\t<div class=\"elementor-element elementor-element-9a2872c elementor-widget elementor-widget-text-editor\" data-id=\"9a2872c\" data-element_type=\"widget\" data-e-type=\"widget\" data-widget_type=\"text-editor.default\">\n\t\t\t\t<div class=\"elementor-widget-container\">\n\t\t\t\t\t\t\t\t\t<p>Noticia \u201cLa ciudad de Cerdanyola del Valles premia a Grup Maculart&#8230;.\u201d (TBC)<br><br>Proyecto Open Cultural Center (TBC)<br><br>M\u00e9dicos Sin Fronteras (TCB)<br><br>Vac\u00fanate de Esperanza del Tel\u00e9fono de la Esperanza (TCB)<\/p>\t\t\t\t\t\t\t\t<\/div>\n\t\t\t\t<\/div>\n\t\t\t\t<\/div>\n\t\t<div class=\"elementor-element elementor-element-521de3f e-con-full e-flex e-con e-child\" data-id=\"521de3f\" data-element_type=\"container\" data-e-type=\"container\">\n\t\t\t\t<div class=\"elementor-element elementor-element-59e45f3 elementor-widget elementor-widget-image\" data-id=\"59e45f3\" data-element_type=\"widget\" data-e-type=\"widget\" data-widget_type=\"image.default\">\n\t\t\t\t<div class=\"elementor-widget-container\">\n\t\t\t\t\t\t\t\t\t\t\t\t\t\t\t<img decoding=\"async\" width=\"712\" height=\"546\" src=\"https:\/\/www.maculart.com\/app\/uploads\/2023\/07\/Rectangle-14-2.jpg\" class=\"attachment-large size-large wp-image-439\" alt=\"\" srcset=\"https:\/\/www.maculart.com\/app\/uploads\/2023\/07\/Rectangle-14-2.jpg 712w, https:\/\/www.maculart.com\/app\/uploads\/2023\/07\/Rectangle-14-2-300x230.jpg 300w\" sizes=\"(max-width: 712px) 100vw, 712px\" \/>\t\t\t\t\t\t\t\t\t\t\t\t\t\t\t<\/div>\n\t\t\t\t<\/div>\n\t\t\t\t<\/div>\n\t\t\t\t\t<\/div>\n\t\t\t\t<\/div>\n\t\t<div class=\"elementor-element elementor-element-d2970b9 elementor-hidden-mobile e-flex e-con-boxed e-con e-parent\" data-id=\"d2970b9\" data-element_type=\"container\" data-e-type=\"container\">\n\t\t\t\t\t<div class=\"e-con-inner\">\n\t\t\t\t<div class=\"elementor-element elementor-element-5dc9343 elementor-widget-divider--view-line elementor-widget elementor-widget-divider\" data-id=\"5dc9343\" data-element_type=\"widget\" data-e-type=\"widget\" data-widget_type=\"divider.default\">\n\t\t\t\t<div class=\"elementor-widget-container\">\n\t\t\t\t\t\t\t<div class=\"elementor-divider\">\n\t\t\t<span class=\"elementor-divider-separator\">\n\t\t\t\t\t\t<\/span>\n\t\t<\/div>\n\t\t\t\t\t\t<\/div>\n\t\t\t\t<\/div>\n\t\t\t\t\t<\/div>\n\t\t\t\t<\/div>\n\t\t<div class=\"elementor-element elementor-element-0f3725b e-flex e-con-boxed e-con e-parent\" data-id=\"0f3725b\" data-element_type=\"container\" data-e-type=\"container\" id=\"compromiso-ambiental\">\n\t\t\t\t\t<div class=\"e-con-inner\">\n\t\t<div class=\"elementor-element elementor-element-866b451 e-con-full e-flex e-con e-child\" data-id=\"866b451\" data-element_type=\"container\" data-e-type=\"container\">\n\t\t\t\t<div class=\"elementor-element elementor-element-188d484 elementor-widget elementor-widget-image\" data-id=\"188d484\" data-element_type=\"widget\" data-e-type=\"widget\" data-widget_type=\"image.default\">\n\t\t\t\t<div class=\"elementor-widget-container\">\n\t\t\t\t\t\t\t\t\t\t\t\t\t\t\t<img decoding=\"async\" width=\"900\" height=\"506\" src=\"https:\/\/www.maculart.com\/app\/uploads\/2023\/09\/compromisos2.jpg\" class=\"attachment-large size-large wp-image-2075\" alt=\"\" srcset=\"https:\/\/www.maculart.com\/app\/uploads\/2023\/09\/compromisos2.jpg 900w, https:\/\/www.maculart.com\/app\/uploads\/2023\/09\/compromisos2-300x169.jpg 300w, https:\/\/www.maculart.com\/app\/uploads\/2023\/09\/compromisos2-768x432.jpg 768w\" sizes=\"(max-width: 900px) 100vw, 900px\" \/>\t\t\t\t\t\t\t\t\t\t\t\t\t\t\t<\/div>\n\t\t\t\t<\/div>\n\t\t\t\t<\/div>\n\t\t<div class=\"elementor-element elementor-element-34809d4 e-con-full e-flex e-con e-child\" data-id=\"34809d4\" data-element_type=\"container\" data-e-type=\"container\">\n\t\t\t\t<div class=\"elementor-element elementor-element-8d30675 elementor-widget elementor-widget-heading\" data-id=\"8d30675\" data-element_type=\"widget\" data-e-type=\"widget\" data-widget_type=\"heading.default\">\n\t\t\t\t<div class=\"elementor-widget-container\">\n\t\t\t\t\t<h2 class=\"elementor-heading-title elementor-size-default\">Compromiso medio ambiental<\/h2>\t\t\t\t<\/div>\n\t\t\t\t<\/div>\n\t\t\t\t<div class=\"elementor-element elementor-element-95052a5 line-height-2 number-list elementor-widget elementor-widget-text-editor\" data-id=\"95052a5\" data-element_type=\"widget\" data-e-type=\"widget\" data-widget_type=\"text-editor.default\">\n\t\t\t\t<div class=\"elementor-widget-container\">\n\t\t\t\t\t\t\t\t\t<p>En Grup Maculart entendemos el compromiso medioambiental como la armon\u00eda natural entre la eficiencia y la protecci\u00f3n del medio ambiente. Somos conscientes que la producci\u00f3n industrial repercute en el planeta y, en nuestra planta en Cerdanyola del Vall\u00e8s, trabajamos de forma responsable para reducir nuestro impacto medioambiental al m\u00e1ximo.<\/p>\t\t\t\t\t\t\t\t<\/div>\n\t\t\t\t<\/div>\n\t\t\t\t<\/div>\n\t\t\t\t\t<\/div>\n\t\t\t\t<\/div>\n\t\t<div class=\"elementor-element elementor-element-3981bb3 e-flex e-con-boxed e-con e-parent\" data-id=\"3981bb3\" data-element_type=\"container\" data-e-type=\"container\">\n\t\t\t\t\t<div class=\"e-con-inner\">\n\t\t<div class=\"elementor-element elementor-element-20f5b7d e-con-full e-flex e-con e-child\" data-id=\"20f5b7d\" data-element_type=\"container\" data-e-type=\"container\">\n\t\t\t\t<div class=\"elementor-element elementor-element-e405cbf line-height-2 elementor-widget elementor-widget-text-editor\" data-id=\"e405cbf\" data-element_type=\"widget\" data-e-type=\"widget\" data-widget_type=\"text-editor.default\">\n\t\t\t\t<div class=\"elementor-widget-container\">\n\t\t\t\t\t\t\t\t\t<p>Nuestro sistema de producci\u00f3n sigue un riguroso proceso de reciclaje para optimizar todos los recursos.<br \/>Nuestros esfuerzos en sostenibilidad son acreditados por las certificaciones m\u00e1s exigentes del mercado en el \u00e1mbito nacional y europeo, como la ISO 14001-2015 y la certificaci\u00f3n Cadena de Custodia con el sello FSC.<\/p><p>Como hito de nuestro compromiso con la sostenibilidad destacamos la instalaci\u00f3n de 445 paneles fotovoltaicos en nuestra planta de Cerdanyola en el a\u00f1o 2022 en un paso decidido hacia la energ\u00eda verde. Una acci\u00f3n que nos permite reducir m\u00e1s de 114.200 kg\/a\u00f1o de CO2, lo que equivale a lo absorbido por 5.700 \u00e1rboles.<\/p>\t\t\t\t\t\t\t\t<\/div>\n\t\t\t\t<\/div>\n\t\t\t\t<div class=\"elementor-element elementor-element-d9824e0 button-line-container elementor-widget elementor-widget-button\" data-id=\"d9824e0\" data-element_type=\"widget\" data-e-type=\"widget\" data-widget_type=\"button.default\">\n\t\t\t\t<div class=\"elementor-widget-container\">\n\t\t\t\t\t\t\t\t\t<div class=\"elementor-button-wrapper\">\n\t\t\t\t\t<a class=\"elementor-button elementor-button-link elementor-size-sm\" href=\"https:\/\/www.maculart.com\/grup-maculart-certificaciones\/\">\n\t\t\t\t\t\t<span class=\"elementor-button-content-wrapper\">\n\t\t\t\t\t\t\t\t\t<span class=\"elementor-button-text\">Consulta las Certificaciones<\/span>\n\t\t\t\t\t<\/span>\n\t\t\t\t\t<\/a>\n\t\t\t\t<\/div>\n\t\t\t\t\t\t\t\t<\/div>\n\t\t\t\t<\/div>\n\t\t\t\t<\/div>\n\t\t<div class=\"elementor-element elementor-element-386c67b e-con-full e-flex e-con e-child\" data-id=\"386c67b\" data-element_type=\"container\" data-e-type=\"container\">\n\t\t\t\t<div class=\"elementor-element elementor-element-ae3e126 elementor-widget elementor-widget-image\" data-id=\"ae3e126\" data-element_type=\"widget\" data-e-type=\"widget\" data-widget_type=\"image.default\">\n\t\t\t\t<div class=\"elementor-widget-container\">\n\t\t\t\t\t\t\t\t\t\t\t\t\t\t\t<img loading=\"lazy\" decoding=\"async\" width=\"900\" height=\"600\" src=\"https:\/\/www.maculart.com\/app\/uploads\/2023\/09\/compromiso3.jpg\" class=\"attachment-large size-large wp-image-2076\" alt=\"\" srcset=\"https:\/\/www.maculart.com\/app\/uploads\/2023\/09\/compromiso3.jpg 900w, https:\/\/www.maculart.com\/app\/uploads\/2023\/09\/compromiso3-300x200.jpg 300w, https:\/\/www.maculart.com\/app\/uploads\/2023\/09\/compromiso3-768x512.jpg 768w\" sizes=\"(max-width: 900px) 100vw, 900px\" \/>\t\t\t\t\t\t\t\t\t\t\t\t\t\t\t<\/div>\n\t\t\t\t<\/div>\n\t\t\t\t<\/div>\n\t\t\t\t\t<\/div>\n\t\t\t\t<\/div>\n\t\t<div class=\"elementor-element elementor-element-b75702f e-flex e-con-boxed e-con e-parent\" data-id=\"b75702f\" data-element_type=\"container\" data-e-type=\"container\">\n\t\t\t\t\t<div class=\"e-con-inner\">\n\t\t<div class=\"elementor-element elementor-element-05ccf7e e-con-full e-flex e-con e-child\" data-id=\"05ccf7e\" data-element_type=\"container\" data-e-type=\"container\" data-settings=\"{&quot;background_background&quot;:&quot;classic&quot;}\">\n\t\t\t\t<div class=\"elementor-element elementor-element-f4f1148 elementor-widget elementor-widget-heading\" data-id=\"f4f1148\" data-element_type=\"widget\" data-e-type=\"widget\" data-widget_type=\"heading.default\">\n\t\t\t\t<div class=\"elementor-widget-container\">\n\t\t\t\t\t<h3 class=\"elementor-heading-title elementor-size-default\">HABLEMOS<\/h3>\t\t\t\t<\/div>\n\t\t\t\t<\/div>\n\t\t\t\t<div class=\"elementor-element elementor-element-fa7a521 elementor-widget__width-inherit elementor-widget elementor-widget-heading\" data-id=\"fa7a521\" data-element_type=\"widget\" data-e-type=\"widget\" data-widget_type=\"heading.default\">\n\t\t\t\t<div class=\"elementor-widget-container\">\n\t\t\t\t\t<h2 class=\"elementor-heading-title elementor-size-default\">Contacta con nosotros\ny cu\u00e9ntanos tu proyecto<\/h2>\t\t\t\t<\/div>\n\t\t\t\t<\/div>\n\t\t\t\t<div class=\"elementor-element elementor-element-770282f button-container elementor-widget elementor-widget-button\" data-id=\"770282f\" data-element_type=\"widget\" data-e-type=\"widget\" data-widget_type=\"button.default\">\n\t\t\t\t<div class=\"elementor-widget-container\">\n\t\t\t\t\t\t\t\t\t<div class=\"elementor-button-wrapper\">\n\t\t\t\t\t<a class=\"elementor-button elementor-button-link elementor-size-sm\" href=\"https:\/\/www.maculart.com\/contacto\/\">\n\t\t\t\t\t\t<span class=\"elementor-button-content-wrapper\">\n\t\t\t\t\t\t\t\t\t<span class=\"elementor-button-text\">Cont\u00e1ctanos<\/span>\n\t\t\t\t\t<\/span>\n\t\t\t\t\t<\/a>\n\t\t\t\t<\/div>\n\t\t\t\t\t\t\t\t<\/div>\n\t\t\t\t<\/div>\n\t\t\t\t<\/div>\n\t\t<div class=\"elementor-element elementor-element-66e69dd e-flex e-con-boxed e-con e-child\" data-id=\"66e69dd\" data-element_type=\"container\" data-e-type=\"container\" data-settings=\"{&quot;background_background&quot;:&quot;classic&quot;}\">\n\t\t\t\t\t<div class=\"e-con-inner\">\n\t\t\t\t\t<\/div>\n\t\t\t\t<\/div>\n\t\t\t\t\t<\/div>\n\t\t\t\t<\/div>\n\t\t\t\t<\/div>\n\t\t","protected":false},"excerpt":{"rendered":"<p>Compromiso Social Grup Maculart trasladamos nuestra sede y planta de producci\u00f3n a Cerdanyola del Vall\u00e8s en 2006 con un firme objetivo de crecimiento, tanto a nivel de producci\u00f3n como de&#8230;<\/p>\n","protected":false},"author":1,"featured_media":2024,"parent":0,"menu_order":0,"comment_status":"closed","ping_status":"closed","template":"","meta":{"_acf_changed":false,"inline_featured_image":false,"footnotes":""},"class_list":["post-93","page","type-page","status-publish","has-post-thumbnail","hentry"],"acf":[],"yoast_head":"<!-- This site is optimized with the Yoast SEO plugin v27.4 - https:\/\/yoast.com\/product\/yoast-seo-wordpress\/ -->\n<title>Compromisos - Maculart<\/title>\n<meta name=\"robots\" content=\"index, follow, max-snippet:-1, max-image-preview:large, max-video-preview:-1\" \/>\n<link rel=\"canonical\" href=\"https:\/\/www.maculart.com\/es\/compromisos\/\" \/>\n<meta property=\"og:locale\" content=\"es_ES\" \/>\n<meta property=\"og:type\" content=\"article\" \/>\n<meta property=\"og:title\" content=\"Compromisos - Maculart\" \/>\n<meta property=\"og:description\" content=\"Compromiso Social Grup Maculart trasladamos nuestra sede y planta de producci\u00f3n a Cerdanyola del Vall\u00e8s en 2006 con un firme objetivo de crecimiento, tanto a nivel de producci\u00f3n como de...\" \/>\n<meta property=\"og:url\" content=\"https:\/\/www.maculart.com\/es\/compromisos\/\" \/>\n<meta property=\"og:site_name\" content=\"Maculart\" \/>\n<meta property=\"article:modified_time\" content=\"2023-10-09T07:55:52+00:00\" \/>\n<meta property=\"og:image\" content=\"https:\/\/www.maculart.com\/app\/uploads\/2023\/09\/compromisos.jpg\" \/>\n\t<meta property=\"og:image:width\" content=\"900\" \/>\n\t<meta property=\"og:image:height\" content=\"600\" \/>\n\t<meta property=\"og:image:type\" content=\"image\/jpeg\" \/>\n<meta name=\"twitter:card\" content=\"summary_large_image\" \/>\n<meta name=\"twitter:label1\" content=\"Tiempo de lectura\" \/>\n\t<meta name=\"twitter:data1\" content=\"3 minutos\" \/>\n<script type=\"application\/ld+json\" class=\"yoast-schema-graph\">{\"@context\":\"https:\\\/\\\/schema.org\",\"@graph\":[{\"@type\":\"WebPage\",\"@id\":\"https:\\\/\\\/www.maculart.com\\\/es\\\/compromisos\\\/\",\"url\":\"https:\\\/\\\/www.maculart.com\\\/es\\\/compromisos\\\/\",\"name\":\"Compromisos - Maculart\",\"isPartOf\":{\"@id\":\"https:\\\/\\\/www.maculart.com\\\/es\\\/#website\"},\"primaryImageOfPage\":{\"@id\":\"https:\\\/\\\/www.maculart.com\\\/es\\\/compromisos\\\/#primaryimage\"},\"image\":{\"@id\":\"https:\\\/\\\/www.maculart.com\\\/es\\\/compromisos\\\/#primaryimage\"},\"thumbnailUrl\":\"https:\\\/\\\/www.maculart.com\\\/app\\\/uploads\\\/2023\\\/09\\\/compromisos.jpg\",\"datePublished\":\"2023-07-12T08:09:04+00:00\",\"dateModified\":\"2023-10-09T07:55:52+00:00\",\"inLanguage\":\"es\",\"potentialAction\":[{\"@type\":\"ReadAction\",\"target\":[\"https:\\\/\\\/www.maculart.com\\\/es\\\/compromisos\\\/\"]}]},{\"@type\":\"ImageObject\",\"inLanguage\":\"es\",\"@id\":\"https:\\\/\\\/www.maculart.com\\\/es\\\/compromisos\\\/#primaryimage\",\"url\":\"https:\\\/\\\/www.maculart.com\\\/app\\\/uploads\\\/2023\\\/09\\\/compromisos.jpg\",\"contentUrl\":\"https:\\\/\\\/www.maculart.com\\\/app\\\/uploads\\\/2023\\\/09\\\/compromisos.jpg\",\"width\":900,\"height\":600},{\"@type\":\"WebSite\",\"@id\":\"https:\\\/\\\/www.maculart.com\\\/es\\\/#website\",\"url\":\"https:\\\/\\\/www.maculart.com\\\/es\\\/\",\"name\":\"Maculart\",\"description\":\"\",\"potentialAction\":[{\"@type\":\"SearchAction\",\"target\":{\"@type\":\"EntryPoint\",\"urlTemplate\":\"https:\\\/\\\/www.maculart.com\\\/es\\\/?s={search_term_string}\"},\"query-input\":{\"@type\":\"PropertyValueSpecification\",\"valueRequired\":true,\"valueName\":\"search_term_string\"}}],\"inLanguage\":\"es\"}]}<\/script>\n<!-- \/ Yoast SEO plugin. -->","yoast_head_json":{"title":"Compromisos - Maculart","robots":{"index":"index","follow":"follow","max-snippet":"max-snippet:-1","max-image-preview":"max-image-preview:large","max-video-preview":"max-video-preview:-1"},"canonical":"https:\/\/www.maculart.com\/es\/compromisos\/","og_locale":"es_ES","og_type":"article","og_title":"Compromisos - Maculart","og_description":"Compromiso Social Grup Maculart trasladamos nuestra sede y planta de producci\u00f3n a Cerdanyola del Vall\u00e8s en 2006 con un firme objetivo de crecimiento, tanto a nivel de producci\u00f3n como de...","og_url":"https:\/\/www.maculart.com\/es\/compromisos\/","og_site_name":"Maculart","article_modified_time":"2023-10-09T07:55:52+00:00","og_image":[{"width":900,"height":600,"url":"https:\/\/www.maculart.com\/app\/uploads\/2023\/09\/compromisos.jpg","type":"image\/jpeg"}],"twitter_card":"summary_large_image","twitter_misc":{"Tiempo de lectura":"3 minutos"},"schema":{"@context":"https:\/\/schema.org","@graph":[{"@type":"WebPage","@id":"https:\/\/www.maculart.com\/es\/compromisos\/","url":"https:\/\/www.maculart.com\/es\/compromisos\/","name":"Compromisos - Maculart","isPartOf":{"@id":"https:\/\/www.maculart.com\/es\/#website"},"primaryImageOfPage":{"@id":"https:\/\/www.maculart.com\/es\/compromisos\/#primaryimage"},"image":{"@id":"https:\/\/www.maculart.com\/es\/compromisos\/#primaryimage"},"thumbnailUrl":"https:\/\/www.maculart.com\/app\/uploads\/2023\/09\/compromisos.jpg","datePublished":"2023-07-12T08:09:04+00:00","dateModified":"2023-10-09T07:55:52+00:00","inLanguage":"es","potentialAction":[{"@type":"ReadAction","target":["https:\/\/www.maculart.com\/es\/compromisos\/"]}]},{"@type":"ImageObject","inLanguage":"es","@id":"https:\/\/www.maculart.com\/es\/compromisos\/#primaryimage","url":"https:\/\/www.maculart.com\/app\/uploads\/2023\/09\/compromisos.jpg","contentUrl":"https:\/\/www.maculart.com\/app\/uploads\/2023\/09\/compromisos.jpg","width":900,"height":600},{"@type":"WebSite","@id":"https:\/\/www.maculart.com\/es\/#website","url":"https:\/\/www.maculart.com\/es\/","name":"Maculart","description":"","potentialAction":[{"@type":"SearchAction","target":{"@type":"EntryPoint","urlTemplate":"https:\/\/www.maculart.com\/es\/?s={search_term_string}"},"query-input":{"@type":"PropertyValueSpecification","valueRequired":true,"valueName":"search_term_string"}}],"inLanguage":"es"}]}},"_links":{"self":[{"href":"https:\/\/www.maculart.com\/es\/wp-json\/wp\/v2\/pages\/93","targetHints":{"allow":["GET"]}}],"collection":[{"href":"https:\/\/www.maculart.com\/es\/wp-json\/wp\/v2\/pages"}],"about":[{"href":"https:\/\/www.maculart.com\/es\/wp-json\/wp\/v2\/types\/page"}],"author":[{"embeddable":true,"href":"https:\/\/www.maculart.com\/es\/wp-json\/wp\/v2\/users\/1"}],"replies":[{"embeddable":true,"href":"https:\/\/www.maculart.com\/es\/wp-json\/wp\/v2\/comments?post=93"}],"version-history":[{"count":205,"href":"https:\/\/www.maculart.com\/es\/wp-json\/wp\/v2\/pages\/93\/revisions"}],"predecessor-version":[{"id":2607,"href":"https:\/\/www.maculart.com\/es\/wp-json\/wp\/v2\/pages\/93\/revisions\/2607"}],"wp:featuredmedia":[{"embeddable":true,"href":"https:\/\/www.maculart.com\/es\/wp-json\/wp\/v2\/media\/2024"}],"wp:attachment":[{"href":"https:\/\/www.maculart.com\/es\/wp-json\/wp\/v2\/media?parent=93"}],"curies":[{"name":"wp","href":"https:\/\/api.w.org\/{rel}","templated":true}]}}