{"id":2638,"date":"2023-07-11T11:16:25","date_gmt":"2023-07-11T09:16:25","guid":{"rendered":"https:\/\/www.maculart.com\/?page_id=2638"},"modified":"2024-02-13T16:44:23","modified_gmt":"2024-02-13T15:44:23","slug":"politique-de-confidentialite","status":"publish","type":"page","link":"https:\/\/www.maculart.com\/fr\/politique-de-confidentialite\/","title":{"rendered":"Politique de confidentialit\u00e9"},"content":{"rendered":"\t\t<div data-elementor-type=\"wp-page\" data-elementor-id=\"2638\" class=\"elementor elementor-2638 elementor-3\">\n\t\t\t\t<div class=\"elementor-element elementor-element-41a9b853 e-flex e-con-boxed e-con e-parent\" data-id=\"41a9b853\" data-element_type=\"container\" data-e-type=\"container\">\n\t\t\t\t\t<div class=\"e-con-inner\">\n\t\t\t\t<div class=\"elementor-element elementor-element-80dd939 elementor-widget elementor-widget-text-editor\" data-id=\"80dd939\" data-element_type=\"widget\" data-e-type=\"widget\" data-widget_type=\"text-editor.default\">\n\t\t\t\t<div class=\"elementor-widget-container\">\n\t\t\t\t\t\t\t\t\t<p>La confidentialit\u00e9 et la s\u00e9curit\u00e9 sont des valeurs fondamentales de\u00a0Gr\u00e1ficas Maculart, S.A. \u00a0(MACULART) et, par cons\u00e9quent, nous nous engageons \u00e0 garantir \u00e0 tout moment la confidentialit\u00e9 des donn\u00e9es personnelles de nos clients et \u00e0 ne pas collecter d\u2019informations inutiles.<\/p>\n<p>Ci-apr\u00e8s, nous vous fournissons toutes les informations n\u00e9cessaires sur notre politique de confidentialit\u00e9 relative aux donn\u00e9es personnelles que nous collectons, en vous expliquant\u00a0:<\/p>\n<ul>\n<li>Qui est le responsable du traitement de vos donn\u00e9es.<\/li>\n<li>\u00c0 quelles fins nous collectons les donn\u00e9es que nous vous demandons.<\/li>\n<li>Quelle est la l\u00e9gitimit\u00e9 de leur traitement.<\/li>\n<li>Quelle est leur dur\u00e9e de conservation.<\/li>\n<li>Quels sont les destinataires auxquels vos donn\u00e9es sont communiqu\u00e9es.<\/li>\n<li>Quels sont vos droits.<\/li>\n<\/ul>\n<p>\u00a0<\/p>\n<h3><strong>Qui est le responsable du traitement des donn\u00e9es personnelles\u00a0?<\/strong><\/h3>\n<p><strong>Nom de l\u2019entreprise :<\/strong>\u00a0Gr\u00e1ficas Maculart, S.A. \u00a0(MACULART)<\/p>\n<p><strong>Num\u00e9ro d\u2019identification fiscale\u00a0:<\/strong>\u00a0A 08786014<\/p>\n<p><strong>Adresse :<\/strong>\u00a0c\/\u00a0De l\u2019Or, 22 Pol. Ind. La Clota 08290 Cerdanyola del Vall\u00e8s<\/p>\n<p><strong>Contact :<\/strong>\u00a0<a href=\"mailto:info@maculart.com\">info@maculart.com<\/a><\/p>\n<p>\u00a0<\/p>\n<h3><strong>Qui sont les groupes concern\u00e9s\u00a0?<\/strong><\/h3>\n<p>Les donn\u00e9es \u00e0 caract\u00e8re personnel trait\u00e9es sont\u00a0celles de\u00a0:<\/p>\n<ul>\n<li>Des personnes qui nous ont fourni leurs donn\u00e9es via diff\u00e9rents formulaires du site Web pour poser des questions ou obtenir des informations sur nos services et nos activit\u00e9s.<\/li>\n<li>Des personnes qui souhaitent postuler lors des processus de recrutement.<\/li>\n<\/ul>\n<h3>\u00a0<\/h3>\n<h3><strong>\u00c0 quelles fins et pour quels motifs utilisons-nous les donn\u00e9es personnelles\u00a0?<\/strong><\/h3>\n<p>Sur le site\u00a0MACULART, nous traitons les donn\u00e9es personnelles afin de\u00a0r\u00e9pondre \u00e0 vos demandes d\u2019information\u00a0ou autres requ\u00eates de votre part.<\/p>\n<p>Ces donn\u00e9es \u00e0 caract\u00e8re personnel seront trait\u00e9es aux fins\u00a0l\u00e9gitimes suivantes\u00a0\u00a0:<\/p>\n<ul>\n<li><strong>R\u00e9ponses aux demandes d\u2019information ou de contact<\/strong><\/li>\n<\/ul>\n<p>Chez MACULART\u00a0nous utiliserons les coordonn\u00e9es\u00a0que vous nous avez fournies\u00a0pour r\u00e9pondre \u00e0 vos demandes et requ\u00eates concernant nos produits et services,\u00a0qu\u2019elles soient\u00a0faites via le formulaire\u00a0disponible sur le site Web ou envoy\u00e9es aux adresses e-mail de contact publi\u00e9es.<\/p>\n<p><strong>L\u00e9gitimit\u00e9 :<\/strong><\/p>\n<ul>\n<li>Int\u00e9r\u00eat l\u00e9gitime de MACULART pour traiter les donn\u00e9es, compte tenu des attentes raisonnables des personnes concern\u00e9es souhaitant recevoir une r\u00e9ponse \u00e0 leurs demandes.<\/li>\n<li>Consentement donn\u00e9 librement par la personne concern\u00e9e qui envoie ses donn\u00e9es via le formulaire pr\u00e9vu \u00e0 cet effet.<\/li>\n<\/ul>\n<p>\u00a0<\/p>\n<ul>\n<li><strong>G\u00e9rer les candidatures pour les processus de s\u00e9lection ouverts <\/strong><strong>\/* SI FORMULAIRE D\u2019ADH\u00c9SION OU ADRESSE MAIL DE CANDIDATURES *\/<\/strong><\/li>\n<\/ul>\n<p>Les\u00a0donn\u00e9es\u00a0personnelles\u00a0des\u00a0personnes qui souhaitent soumettre leur candidature aux processus de s\u00e9lection ouverts pour MACULART\u00a0seront trait\u00e9es afin de valider les candidatures pour les postes auxquels elles postulent.<\/p>\n<p><strong>L\u00e9gitimit\u00e9 :<\/strong><\/p>\n<ul>\n<li>Int\u00e9r\u00eat l\u00e9gitime de MACULART pour g\u00e9rer les candidatures lors des processus de s\u00e9lection ouverts et pour prendre en compte les attentes raisonnables des personnes concern\u00e9es \u00e0 participer \u00e0 ces processus.<\/li>\n<li>Traitement n\u00e9cessaire \u00e0 l\u2019ex\u00e9cution d\u2019un contrat auquel la personne concern\u00e9e est partie ou \u00e0 l\u2019ex\u00e9cution de mesures pr\u00e9contractuelles prises \u00e0 la demande de celle-ci.<\/li>\n<li>Consentement exprim\u00e9 par les personnes concern\u00e9es qui ont fourni leurs donn\u00e9es via le formulaire pr\u00e9vu \u00e0 cet effet.<\/li>\n<\/ul>\n<p>En plus de ce qui pr\u00e9c\u00e8de, MACULART peut effectuer d\u2019autres traitements de donn\u00e9es personnelles. Dans ce cas, la personne concern\u00e9e recevra les informations n\u00e9cessaires concernant ce traitement et MACULART demandera son consentement si besoin.<\/p>\n<p>\u00a0<\/p>\n<h3><strong>Combien de temps MACULART conservera-t-elle les donn\u00e9es\u00a0?<\/strong><\/h3>\n<p>En g\u00e9n\u00e9ral, les donn\u00e9es seront conserv\u00e9es aussi longtemps que n\u00e9cessaire pour atteindre l\u2019objectif pour lequel elles ont \u00e9t\u00e9 collect\u00e9es et pour d\u00e9terminer les responsabilit\u00e9s \u00e9ventuelles pouvant d\u00e9couler de cette finalit\u00e9 et du traitement des donn\u00e9es.<\/p>\n<p>Cela implique, entre autres, que MACULART conservera les donn\u00e9es personnelles des personnes concern\u00e9es pendant la dur\u00e9e de la relation avec nous et, le cas \u00e9ch\u00e9ant, pendant la p\u00e9riode n\u00e9cessaire \u00e0 la formulation, \u00e0 l\u2019exercice ou \u00e0 la d\u00e9fense d\u2019\u00e9ventuelles r\u00e9clamations, ou pour se conformer aux obligations l\u00e9gales d\u00e9termin\u00e9es par la l\u00e9gislation applicable.<\/p>\n<p>En ce qui concerne les donn\u00e9es des candidats qui nous envoient leurs candidatures lors des processus de s\u00e9lection, leurs donn\u00e9es seront conserv\u00e9es pendant une dur\u00e9e maximale de 1 an s\u2019ils n\u2019ont \u00e9t\u00e9 admis dans aucun processus de s\u00e9lection au cours de cette p\u00e9riode, ou si la personne concern\u00e9e n\u2019a pas donn\u00e9 son consentement \u00e0 leur conservation pour une p\u00e9riode plus longue.<\/p>\n<p>Une fois ce d\u00e9lai expir\u00e9, MACULART s\u2019engage \u00e0 cesser le traitement de toutes les donn\u00e9es personnelles, \u00e0 les d\u00e9truire, \u00e0 les bloquer ou \u00e0 les rendre anonymes, dans la mesure du possible, aux fins pour lesquelles elles ont \u00e9t\u00e9 conserv\u00e9es.<\/p>\n<p>\u00a0<\/p>\n<h3><strong>\u00c0 qui les donn\u00e9es seront-elles communiqu\u00e9es ?<\/strong><\/h3>\n<p>Les donn\u00e9es personnelles ne seront pas transmises \u00e0 des tiers, sauf si cela est n\u00e9cessaire pour r\u00e9pondre \u00e0 une demande, si nous y sommes oblig\u00e9s par la loi ou si la personne concern\u00e9e nous a donn\u00e9 son consentement.<\/p>\n<p>Nous pouvons \u00e9galement divulguer des donn\u00e9es \u00e0 des entreprises qui nous fournissent des services dans le cadre des activit\u00e9s normales et administratives de l\u2019entreprise en tant que responsables nationaux ou internationaux du traitement des donn\u00e9es dans le cadre de la fourniture de services tels que, entre autres, les fournisseurs de services de courrier \u00e9lectronique, les services d\u2019h\u00e9bergement Web et de serveurs, les services de gestion d\u2019applications SaaS, l\u2019archivage dans le cloud, etc.<\/p>\n<p>La fourniture de ces services peut impliquer le traitement de donn\u00e9es personnelles par des soci\u00e9t\u00e9s situ\u00e9es dans des pays en dehors de l\u2019Espace \u00e9conomique europ\u00e9en (transferts internationaux de donn\u00e9es).\u00a0Toutefois, cela ne sera possible qu\u2019avec des pays qui offrent un niveau de protection suffisant ou, dans le cas d\u2019entit\u00e9s situ\u00e9es aux \u00c9tats-Unis, qui sont accr\u00e9dit\u00e9es dans le cadre du bouclier de protection des donn\u00e9es UE-\u00c9tats-Unis.\u00a0D\u00e9cision d\u2019ex\u00e9cution de la Commission (UE) 2016\/1250 du 12 juillet 2016 et qui ont mis \u00e0 notre disposition des clauses contractuelles types (CCN) conform\u00e9ment \u00e0 la d\u00e9cision de la Commission europ\u00e9enne relative aux transferts de donn\u00e9es de responsables du traitement dans l\u2019UE vers des sous-traitants \u00e9tablis en dehors de l\u2019UE.<\/p>\n<p>.<\/p>\n<h3>\u00a0<\/h3>\n<h3><strong>Quels sont les droits des personnes concern\u00e9es une fois qu\u2019elles nous ont fourni leurs donn\u00e9es ?<\/strong><\/h3>\n<p>La personne concern\u00e9e peut \u00e0 tout moment exercer ses droits d\u2019acc\u00e8s, de rectification, d\u2019effacement et de portabilit\u00e9 des donn\u00e9es personnelles trait\u00e9es par MACULART, ainsi que ses droits d\u2019opposition et de limitation de leur traitement.<\/p>\n<p>Ces droits peuvent \u00eatre exerc\u00e9s\u00a0sans frais par la personne concern\u00e9e et, le cas \u00e9ch\u00e9ant, par toute personne qui la repr\u00e9sente, au moyen d\u2019une demande \u00e9crite et sign\u00e9e, accompagn\u00e9e d\u2019une copie de sa carte d\u2019identit\u00e9 ou d\u2019un document pouvant accr\u00e9diter son identit\u00e9, adress\u00e9e \u00e0 :<\/p>\n<ul>\n<li>Par e-mail : <a href=\"mailto:info@maculart.com\">info@maculart.com<\/a><\/li>\n<li>Par courrier : c\/De l\u2019Or, 22 Pol. Ind. La Clota 08290 Cerdanyola del Vall\u00e8s<\/li>\n<\/ul>\n<p>En cas de repr\u00e9sentation, celle-ci doit \u00eatre prouv\u00e9e au moyen d\u2019un document \u00e9crit et en joignant une copie de la carte d\u2019identit\u00e9 ou d\u2019un document \u00e9quivalent pouvant accr\u00e9diter la repr\u00e9sentation.<\/p>\n<p>En plus des droits susmentionn\u00e9s, la personne concern\u00e9e aura le droit de\u00a0<strong>retirer \u00e0 tout moment le consentement accord\u00e9<\/strong>\u00a0par la proc\u00e9dure d\u00e9crite ci-dessus, sans que ce retrait de consentement n\u2019affecte la lic\u00e9it\u00e9 du traitement effectu\u00e9 avant le retrait du consentement.\u00a0MACULART\u00a0pourra continuer \u00e0 traiter les donn\u00e9es personnelles de la personne concern\u00e9e dans la mesure o\u00f9 la l\u00e9gislation applicable le permet ou pour toute autre raison valable.<\/p>\n<p>MACULART\u00a0veut rappeler \u00e0 la personne concern\u00e9e qu\u2019elle a le droit de pr\u00e9senter une r\u00e9clamation aupr\u00e8s de l\u2019autorit\u00e9 de contr\u00f4le comp\u00e9tente (Agence espagnole de protection des donn\u00e9es).<\/p>\n<h3>\u00a0<\/h3>\n<h3><strong>Mise \u00e0 jour de vos donn\u00e9es<\/strong><\/h3>\n<p>Il est important \u00a0que, afin que\u00a0nous puissions maintenir vos donn\u00e9es personnelles \u00e0 jour, vous nous informiez de toute modification. Dans le cas contraire, nous ne serons pas tenu responsable de l\u2019exactitude de\u00a0celles-ci\u00a0et des cons\u00e9quences que cela peut avoir sur votre traitement.<\/p>\n<h3>\u00a0<\/h3>\n<h3><strong>S\u00e9curit\u00e9 du traitement et de la conservation des donn\u00e9es<\/strong><\/h3>\n<p><strong>MACULART<\/strong>\u00a0d\u00e9clare avoir mis en \u0153uvre les mesures techniques et organisationnelles appropri\u00e9es afin de garantir et de pouvoir d\u00e9montrer que le traitement est conforme \u00e0 la l\u00e9gislation en vigueur et que la protection des droits des personnes concern\u00e9es est assur\u00e9e.<\/p>\n<p>\u00c0 cette fin, elle a mis en place un syst\u00e8me de gestion de la protection des donn\u00e9es personnelles afin de d\u00e9terminer et d\u2019appliquer les moyens techniques et organisationnels dont elle dispose pour \u00e9viter la perte, l\u2019utilisation abusive, la modification, l\u2019acc\u00e8s non autoris\u00e9 et le vol des donn\u00e9es fournies par les utilisateurs, sans pr\u00e9judice du fait que les mesures de s\u00e9curit\u00e9 sur Internet ne sont pas infaillibles.<\/p>\n<h3>\u00a0<\/h3>\n<h3>Utilisation de cookies<\/h3>\n<p>Ce site Web, comme la plupart des sites Web sur Internet, utilise des cookies pour am\u00e9liorer l\u2019exp\u00e9rience des utilisateurs. Dans notre <strong><u>Politique relative aux cookies<\/u><\/strong>, vous trouverez les informations suivantes\u00a0: que sont les cookies, quels types de cookies utilise ce site Web, comment d\u00e9sactiver les cookies dans le navigateur et comment d\u00e9sactiver sp\u00e9cifiquement l\u2019installation de cookies de tiers.<\/p>\n<p>Veuillez lire attentivement notre <strong><u>Politique relative aux cookies<\/u><\/strong>\u00a0avant de continuer \u00e0 naviguer sur notre site Web.<\/p>\n<h3>\u00a0<\/h3>\n<h3>Modification de la politique de confidentialit\u00e9<\/h3>\n<p>MACULART peut modifier \u00e0 tout moment sa politique de confidentialit\u00e9 conform\u00e9ment \u00e0 la l\u00e9gislation applicable.\u00a0Dans tous les cas, vous serez d\u00fbment inform\u00e9 de toute modification de la politique de confidentialit\u00e9 afin de conna\u00eetre les modifications apport\u00e9es au traitement de vos donn\u00e9es personnelles et, si la r\u00e9glementation applicable l\u2019exige, que vous puissiez confirmer votre consentement.<\/p>\t\t\t\t\t\t\t\t<\/div>\n\t\t\t\t<\/div>\n\t\t\t\t\t<\/div>\n\t\t\t\t<\/div>\n\t\t\t\t<\/div>\n\t\t","protected":false},"excerpt":{"rendered":"<p>La confidentialit\u00e9 et la s\u00e9curit\u00e9 sont des valeurs fondamentales de\u00a0Gr\u00e1ficas Maculart, S.A. \u00a0(MACULART) et, par cons\u00e9quent, nous nous engageons \u00e0 garantir \u00e0 tout moment la confidentialit\u00e9 des donn\u00e9es personnelles de&#8230;<\/p>\n","protected":false},"author":1,"featured_media":0,"parent":0,"menu_order":0,"comment_status":"closed","ping_status":"closed","template":"","meta":{"_acf_changed":false,"inline_featured_image":false,"footnotes":""},"class_list":["post-2638","page","type-page","status-publish","hentry"],"acf":[],"yoast_head":"<!-- This site is optimized with the Yoast SEO plugin v27.4 - https:\/\/yoast.com\/product\/yoast-seo-wordpress\/ -->\n<title>Politique de confidentialit\u00e9 - Maculart<\/title>\n<meta name=\"robots\" content=\"index, follow, max-snippet:-1, max-image-preview:large, max-video-preview:-1\" \/>\n<link rel=\"canonical\" href=\"https:\/\/www.maculart.com\/fr\/politique-de-confidentialite\/\" \/>\n<meta property=\"og:locale\" content=\"fr_FR\" \/>\n<meta property=\"og:type\" content=\"article\" \/>\n<meta property=\"og:title\" content=\"Politique de confidentialit\u00e9 - Maculart\" \/>\n<meta property=\"og:description\" content=\"La confidentialit\u00e9 et la s\u00e9curit\u00e9 sont des valeurs fondamentales de\u00a0Gr\u00e1ficas Maculart, S.A. \u00a0(MACULART) et, par cons\u00e9quent, nous nous engageons \u00e0 garantir \u00e0 tout moment la confidentialit\u00e9 des donn\u00e9es personnelles de...\" \/>\n<meta property=\"og:url\" content=\"https:\/\/www.maculart.com\/fr\/politique-de-confidentialite\/\" \/>\n<meta property=\"og:site_name\" content=\"Maculart\" \/>\n<meta property=\"article:modified_time\" content=\"2024-02-13T15:44:23+00:00\" \/>\n<meta name=\"twitter:card\" content=\"summary_large_image\" \/>\n<meta name=\"twitter:label1\" content=\"Dur\u00e9e de lecture estim\u00e9e\" \/>\n\t<meta name=\"twitter:data1\" content=\"8 minutes\" \/>\n<script type=\"application\/ld+json\" class=\"yoast-schema-graph\">{\"@context\":\"https:\\\/\\\/schema.org\",\"@graph\":[{\"@type\":\"WebPage\",\"@id\":\"https:\\\/\\\/www.maculart.com\\\/fr\\\/politique-de-confidentialite\\\/\",\"url\":\"https:\\\/\\\/www.maculart.com\\\/fr\\\/politique-de-confidentialite\\\/\",\"name\":\"Politique de confidentialit\u00e9 - Maculart\",\"isPartOf\":{\"@id\":\"https:\\\/\\\/www.maculart.com\\\/fr\\\/#website\"},\"datePublished\":\"2023-07-11T09:16:25+00:00\",\"dateModified\":\"2024-02-13T15:44:23+00:00\",\"inLanguage\":\"fr-FR\",\"potentialAction\":[{\"@type\":\"ReadAction\",\"target\":[\"https:\\\/\\\/www.maculart.com\\\/fr\\\/politique-de-confidentialite\\\/\"]}]},{\"@type\":\"WebSite\",\"@id\":\"https:\\\/\\\/www.maculart.com\\\/fr\\\/#website\",\"url\":\"https:\\\/\\\/www.maculart.com\\\/fr\\\/\",\"name\":\"Maculart\",\"description\":\"\",\"potentialAction\":[{\"@type\":\"SearchAction\",\"target\":{\"@type\":\"EntryPoint\",\"urlTemplate\":\"https:\\\/\\\/www.maculart.com\\\/fr\\\/?s={search_term_string}\"},\"query-input\":{\"@type\":\"PropertyValueSpecification\",\"valueRequired\":true,\"valueName\":\"search_term_string\"}}],\"inLanguage\":\"fr-FR\"}]}<\/script>\n<!-- \/ Yoast SEO plugin. -->","yoast_head_json":{"title":"Politique de confidentialit\u00e9 - Maculart","robots":{"index":"index","follow":"follow","max-snippet":"max-snippet:-1","max-image-preview":"max-image-preview:large","max-video-preview":"max-video-preview:-1"},"canonical":"https:\/\/www.maculart.com\/fr\/politique-de-confidentialite\/","og_locale":"fr_FR","og_type":"article","og_title":"Politique de confidentialit\u00e9 - Maculart","og_description":"La confidentialit\u00e9 et la s\u00e9curit\u00e9 sont des valeurs fondamentales de\u00a0Gr\u00e1ficas Maculart, S.A. \u00a0(MACULART) et, par cons\u00e9quent, nous nous engageons \u00e0 garantir \u00e0 tout moment la confidentialit\u00e9 des donn\u00e9es personnelles de...","og_url":"https:\/\/www.maculart.com\/fr\/politique-de-confidentialite\/","og_site_name":"Maculart","article_modified_time":"2024-02-13T15:44:23+00:00","twitter_card":"summary_large_image","twitter_misc":{"Dur\u00e9e de lecture estim\u00e9e":"8 minutes"},"schema":{"@context":"https:\/\/schema.org","@graph":[{"@type":"WebPage","@id":"https:\/\/www.maculart.com\/fr\/politique-de-confidentialite\/","url":"https:\/\/www.maculart.com\/fr\/politique-de-confidentialite\/","name":"Politique de confidentialit\u00e9 - Maculart","isPartOf":{"@id":"https:\/\/www.maculart.com\/fr\/#website"},"datePublished":"2023-07-11T09:16:25+00:00","dateModified":"2024-02-13T15:44:23+00:00","inLanguage":"fr-FR","potentialAction":[{"@type":"ReadAction","target":["https:\/\/www.maculart.com\/fr\/politique-de-confidentialite\/"]}]},{"@type":"WebSite","@id":"https:\/\/www.maculart.com\/fr\/#website","url":"https:\/\/www.maculart.com\/fr\/","name":"Maculart","description":"","potentialAction":[{"@type":"SearchAction","target":{"@type":"EntryPoint","urlTemplate":"https:\/\/www.maculart.com\/fr\/?s={search_term_string}"},"query-input":{"@type":"PropertyValueSpecification","valueRequired":true,"valueName":"search_term_string"}}],"inLanguage":"fr-FR"}]}},"_links":{"self":[{"href":"https:\/\/www.maculart.com\/fr\/wp-json\/wp\/v2\/pages\/2638","targetHints":{"allow":["GET"]}}],"collection":[{"href":"https:\/\/www.maculart.com\/fr\/wp-json\/wp\/v2\/pages"}],"about":[{"href":"https:\/\/www.maculart.com\/fr\/wp-json\/wp\/v2\/types\/page"}],"author":[{"embeddable":true,"href":"https:\/\/www.maculart.com\/fr\/wp-json\/wp\/v2\/users\/1"}],"replies":[{"embeddable":true,"href":"https:\/\/www.maculart.com\/fr\/wp-json\/wp\/v2\/comments?post=2638"}],"version-history":[{"count":5,"href":"https:\/\/www.maculart.com\/fr\/wp-json\/wp\/v2\/pages\/2638\/revisions"}],"predecessor-version":[{"id":3127,"href":"https:\/\/www.maculart.com\/fr\/wp-json\/wp\/v2\/pages\/2638\/revisions\/3127"}],"wp:attachment":[{"href":"https:\/\/www.maculart.com\/fr\/wp-json\/wp\/v2\/media?parent=2638"}],"curies":[{"name":"wp","href":"https:\/\/api.w.org\/{rel}","templated":true}]}}